{"id":6348,"date":"2022-10-19T23:36:33","date_gmt":"2022-10-19T21:36:33","guid":{"rendered":"https:\/\/www.net-one.org\/nuestra-historia\/"},"modified":"2023-01-25T20:24:33","modified_gmt":"2023-01-25T19:24:33","slug":"nuestra-historia","status":"publish","type":"page","link":"https:\/\/www.net-one.org\/es\/nuestra-historia\/","title":{"rendered":"Nuestra historia"},"content":{"rendered":"\t\t<div data-elementor-type=\"wp-page\" data-elementor-id=\"6348\" class=\"elementor elementor-6348 elementor-4901\">\n\t\t\t\t<div class=\"elementor-element elementor-element-8002a39 e-flex e-con-boxed e-con e-parent\" data-id=\"8002a39\" data-element_type=\"container\">\n\t\t\t\t\t<div class=\"e-con-inner\">\n\t\t\t\t<div class=\"elementor-element elementor-element-0864675 elementor-widget elementor-widget-heading\" data-id=\"0864675\" data-element_type=\"widget\" data-widget_type=\"heading.default\">\n\t\t\t\t<div class=\"elementor-widget-container\">\n\t\t\t\t\t<h2 class=\"elementor-heading-title elementor-size-default\"><span style=\"font-weight: 800; color: #001C4E;\">NetOne naci\u00f3 el 2 de junio de 2000.<\/span>  Su historia se entrelaza con la de Chiara Lubich, fundadora del Movimiento de los Focolares y de muchas otras iniciativas orientadas a la fraternidad universal. Como en todas las historias, hay un antes y un despu\u00e9s.<\/h2>\t\t\t\t<\/div>\n\t\t\t\t<\/div>\n\t\t\t\t\t<\/div>\n\t\t\t\t<\/div>\n\t\t<div class=\"elementor-element elementor-element-a8296e9 e-flex e-con-boxed e-con e-parent\" data-id=\"a8296e9\" data-element_type=\"container\">\n\t\t\t\t\t<div class=\"e-con-inner\">\n\t\t\t\t<div class=\"elementor-element elementor-element-3bf22fe elementor-widget elementor-widget-wew-timeline\" data-id=\"3bf22fe\" data-element_type=\"widget\" data-widget_type=\"wew-timeline.default\">\n\t\t\t\t<div class=\"elementor-widget-container\">\n\t\t\t\t\t\n\t\t\t<div class=\"wew-timeline wew-timeline-center\">\n\t\t\t\t<div class=\"wew-timeline-inner\">\n\n\t\t\t\t\t\n\t\t\t\t  \t\t<div class=\"wew-timeline-item wew-timeline-item-left\">\n\t\t\t\t  \t\t\t<div class=\"wew-timeline-item-wrap\">\n\n\t\t\t\t  \t\t\t\t<div class=\"wew-timeline-line\"><span><\/span><\/div>\n\n\t\t\t\t\t  \t\t\t<div class=\"wew-timeline-item-container\">\n\t\t\t\t\t  \t\t\t\t<div class=\"wew-timeline-icon wew-timeline-custom-icon\"><span><i class=\"fa fa-calendar-o\"><\/i><\/span><\/div>\n\n\t\t\t\t\t\t  \t\t\t<div class=\"wew-timeline-item-main\">\n\t\t\t\t\t\t  \t\t\t\t<span class=\"wew-timeline-arrow\"><\/span>\n\n\t\t\t\t\t\t  \t\t\t\t\n\t\t\t\t\t\t\t\t  \t\t<div class=\"wew-timeline-desc\">\n\t\t\t\t\t\t\t\t\t\t\t\t\t\t\t\t\t\t\t\t\t\t\t<h4 class=\"wew-timeline-title\">\n\t\t\t\t\t\t\t\t\t\t\t\t\t<a href=\"#\" title=\"\"><\/a>\n\t\t\t\t\t\t\t\t\t\t\t\t<\/h4>\n\t\t\t\t\t\t\t\t\t\t\t\t\t\t\t\t\t\t\t\t\t\t\t<ul class=\"wew-timeline-meta wew-timeline-hidden\">\n\t\t\t\t\t\t\t\t\t\t\t\t\t<li>A\u00f1o 1940<\/li>\n\t\t\t\t\t\t\t\t\t\t\t\t<\/ul>\n\t\t\t\t\t\t\t\t\t\t\t\t\t\t\t\t\t\t\t\t\t\t\t<div class=\"wew-timeline-excerpt\">Cartas, postales, tarjetas\u2026 Chiara Lubich escrib\u00eda incansablemente a amigos, colegas, familiares, sacerdotes, religiosas: comunicar reflexiones espirituales, hechos y noticias surgidas de la vivencia de la unidad de la familia humana era una urgencia para ella.<\/div>\n\t\t\t\t\t\t\t\t\t\t\t\t\t\t\t\t\t\t\t  \t\t<\/div>\n\t\t\t\t\t\t\t\t\t<\/div>\n\t\t\t\t\t\t\t\t<\/div>\n\n\t\t\t\t\t\t\t<\/div>\n\t\t\t\t\t\t<\/div>\n\n\t\t\t\t\t  \t\t\t\t\t\t  \t\t\t\t\t\t  \t\t\t<div class=\"wew-timeline-item\">\n\t\t\t\t\t\t  \t\t<div class=\"wew-timeline-date\"><span>A\u00f1o 1940<\/span><\/div>\n\t\t\t\t\t\t\t<\/div>\n\t\t\t\t\t\t\t\t\t\t\t\t\t<div class=\"wew-timeline-item\">\n\t\t\t\t\t\t  \t\t<div class=\"wew-timeline-date wew-timeline-date-right\"><span>A\u00f1o 1954<\/span><\/div>\n\t\t\t\t\t\t\t<\/div>\n\t\t\t\t\t\t\n\t\t\t\t  \t\t<div class=\"wew-timeline-item wew-timeline-item-right\">\n\t\t\t\t  \t\t\t<div class=\"wew-timeline-item-wrap\">\n\n\t\t\t\t  \t\t\t\t<div class=\"wew-timeline-line\"><span><\/span><\/div>\n\n\t\t\t\t\t  \t\t\t<div class=\"wew-timeline-item-container\">\n\t\t\t\t\t  \t\t\t\t<div class=\"wew-timeline-icon wew-timeline-custom-icon\"><span><i class=\"fa fa-calendar\"><\/i><\/span><\/div>\n\n\t\t\t\t\t\t  \t\t\t<div class=\"wew-timeline-item-main\">\n\t\t\t\t\t\t  \t\t\t\t<span class=\"wew-timeline-arrow\"><\/span>\n\n\t\t\t\t\t\t  \t\t\t\t\n\t\t\t\t\t\t\t\t  \t\t<div class=\"wew-timeline-desc\">\n\t\t\t\t\t\t\t\t\t\t\t\t\t\t\t\t\t\t\t\t\t\t\t<h4 class=\"wew-timeline-title\">\n\t\t\t\t\t\t\t\t\t\t\t\t\t<a href=\"#\" title=\"\"><\/a>\n\t\t\t\t\t\t\t\t\t\t\t\t<\/h4>\n\t\t\t\t\t\t\t\t\t\t\t\t\t\t\t\t\t\t\t\t\t\t\t<ul class=\"wew-timeline-meta wew-timeline-hidden\">\n\t\t\t\t\t\t\t\t\t\t\t\t\t<li>A\u00f1o 1954<\/li>\n\t\t\t\t\t\t\t\t\t\t\t\t<\/ul>\n\t\t\t\t\t\t\t\t\t\t\t\t\t\t\t\t\t\t\t\t\t\t\t<div class=\"wew-timeline-excerpt\">Se compra un grabador a cinta y una c\u00e1mara de cine, que ampl\u00edan la posibilidad de llegar a m\u00e1s personas.<\/div>\n\t\t\t\t\t\t\t\t\t\t\t\t\t\t\t\t\t\t\t  \t\t<\/div>\n\t\t\t\t\t\t\t\t\t<\/div>\n\t\t\t\t\t\t\t\t<\/div>\n\n\t\t\t\t\t\t\t<\/div>\n\t\t\t\t\t\t<\/div>\n\n\t\t\t\t\t  \t\n\t\t\t\t  \t\t<div class=\"wew-timeline-item wew-timeline-item-left\">\n\t\t\t\t  \t\t\t<div class=\"wew-timeline-item-wrap\">\n\n\t\t\t\t  \t\t\t\t<div class=\"wew-timeline-line\"><span><\/span><\/div>\n\n\t\t\t\t\t  \t\t\t<div class=\"wew-timeline-item-container\">\n\t\t\t\t\t  \t\t\t\t<div class=\"wew-timeline-icon wew-timeline-custom-icon\"><span><i class=\"fa fa-calendar-o\"><\/i><\/span><\/div>\n\n\t\t\t\t\t\t  \t\t\t<div class=\"wew-timeline-item-main\">\n\t\t\t\t\t\t  \t\t\t\t<span class=\"wew-timeline-arrow\"><\/span>\n\n\t\t\t\t\t\t  \t\t\t\t\n\t\t\t\t\t\t\t\t  \t\t<div class=\"wew-timeline-desc\">\n\t\t\t\t\t\t\t\t\t\t\t\t\t\t\t\t\t\t\t\t\t\t\t<h4 class=\"wew-timeline-title\">\n\t\t\t\t\t\t\t\t\t\t\t\t\t<a href=\"#\" title=\"\"><\/a>\n\t\t\t\t\t\t\t\t\t\t\t\t<\/h4>\n\t\t\t\t\t\t\t\t\t\t\t\t\t\t\t\t\t\t\t\t\t\t\t<ul class=\"wew-timeline-meta wew-timeline-hidden\">\n\t\t\t\t\t\t\t\t\t\t\t\t\t<li>A\u00f1o 1959<\/li>\n\t\t\t\t\t\t\t\t\t\t\t\t<\/ul>\n\t\t\t\t\t\t\t\t\t\t\t\t\t\t\t\t\t\t\t\t\t\t\t<div class=\"wew-timeline-excerpt\">Se funda la primera editorial inspirada en la Espiritualidad de la Unidad.<\/div>\n\t\t\t\t\t\t\t\t\t\t\t\t\t\t\t\t\t\t\t  \t\t<\/div>\n\t\t\t\t\t\t\t\t\t<\/div>\n\t\t\t\t\t\t\t\t<\/div>\n\n\t\t\t\t\t\t\t<\/div>\n\t\t\t\t\t\t<\/div>\n\n\t\t\t\t\t  \t\t\t\t\t\t  \t\t\t\t\t\t  \t\t\t<div class=\"wew-timeline-item\">\n\t\t\t\t\t\t  \t\t<div class=\"wew-timeline-date\"><span>A\u00f1o 1959<\/span><\/div>\n\t\t\t\t\t\t\t<\/div>\n\t\t\t\t\t\t\t\t\t\t\t\t\t<div class=\"wew-timeline-item\">\n\t\t\t\t\t\t  \t\t<div class=\"wew-timeline-date wew-timeline-date-right\"><span>Marzo 1995<\/span><\/div>\n\t\t\t\t\t\t\t<\/div>\n\t\t\t\t\t\t\n\t\t\t\t  \t\t<div class=\"wew-timeline-item wew-timeline-item-right\">\n\t\t\t\t  \t\t\t<div class=\"wew-timeline-item-wrap\">\n\n\t\t\t\t  \t\t\t\t<div class=\"wew-timeline-line\"><span><\/span><\/div>\n\n\t\t\t\t\t  \t\t\t<div class=\"wew-timeline-item-container\">\n\t\t\t\t\t  \t\t\t\t<div class=\"wew-timeline-icon wew-timeline-custom-icon\"><span><i class=\"fa fa-calendar\"><\/i><\/span><\/div>\n\n\t\t\t\t\t\t  \t\t\t<div class=\"wew-timeline-item-main\">\n\t\t\t\t\t\t  \t\t\t\t<span class=\"wew-timeline-arrow\"><\/span>\n\n\t\t\t\t\t\t  \t\t\t\t\n\t\t\t\t\t\t\t\t  \t\t<div class=\"wew-timeline-desc\">\n\t\t\t\t\t\t\t\t\t\t\t\t\t\t\t\t\t\t\t\t\t\t\t<h4 class=\"wew-timeline-title\">\n\t\t\t\t\t\t\t\t\t\t\t\t\t<a href=\"#\" title=\"\"><\/a>\n\t\t\t\t\t\t\t\t\t\t\t\t<\/h4>\n\t\t\t\t\t\t\t\t\t\t\t\t\t\t\t\t\t\t\t\t\t\t\t<ul class=\"wew-timeline-meta wew-timeline-hidden\">\n\t\t\t\t\t\t\t\t\t\t\t\t\t<li>Marzo 1995<\/li>\n\t\t\t\t\t\t\t\t\t\t\t\t<\/ul>\n\t\t\t\t\t\t\t\t\t\t\t\t\t\t\t\t\t\t\t\t\t\t\t<div class=\"wew-timeline-excerpt\">La Uelci (Uni\u00f3n de Editores y Libreros Cat\u00f3licos Italianos) concede a Chiara Lubich el premio \"Autor del A\u00f1o\" por su labor como escritora.<\/div>\n\t\t\t\t\t\t\t\t\t\t\t\t\t\t\t\t\t\t\t  \t\t<\/div>\n\t\t\t\t\t\t\t\t\t<\/div>\n\t\t\t\t\t\t\t\t<\/div>\n\n\t\t\t\t\t\t\t<\/div>\n\t\t\t\t\t\t<\/div>\n\n\t\t\t\t\t  \t\n\t\t\t\t  \t\t<div class=\"wew-timeline-item wew-timeline-item-left\">\n\t\t\t\t  \t\t\t<div class=\"wew-timeline-item-wrap\">\n\n\t\t\t\t  \t\t\t\t<div class=\"wew-timeline-line\"><span><\/span><\/div>\n\n\t\t\t\t\t  \t\t\t<div class=\"wew-timeline-item-container\">\n\t\t\t\t\t  \t\t\t\t<div class=\"wew-timeline-icon wew-timeline-custom-icon\"><span><i class=\"fa fa-calendar-o\"><\/i><\/span><\/div>\n\n\t\t\t\t\t\t  \t\t\t<div class=\"wew-timeline-item-main\">\n\t\t\t\t\t\t  \t\t\t\t<span class=\"wew-timeline-arrow\"><\/span>\n\n\t\t\t\t\t\t  \t\t\t\t\n\t\t\t\t\t\t\t\t  \t\t<div class=\"wew-timeline-desc\">\n\t\t\t\t\t\t\t\t\t\t\t\t\t\t\t\t\t\t\t\t\t\t\t<h4 class=\"wew-timeline-title\">\n\t\t\t\t\t\t\t\t\t\t\t\t\t<a href=\"#\" title=\"\"><\/a>\n\t\t\t\t\t\t\t\t\t\t\t\t<\/h4>\n\t\t\t\t\t\t\t\t\t\t\t\t\t\t\t\t\t\t\t\t\t\t\t<ul class=\"wew-timeline-meta wew-timeline-hidden\">\n\t\t\t\t\t\t\t\t\t\t\t\t\t<li>Junio 1997<\/li>\n\t\t\t\t\t\t\t\t\t\t\t\t<\/ul>\n\t\t\t\t\t\t\t\t\t\t\t\t\t\t\t\t\t\t\t\t\t\t\t<div class=\"wew-timeline-excerpt\">Chiara Lubich recibe en la Universidad St. John's de Bangkok el doctorado honoris causa en Comunicaci\u00f3n Social por sus m\u00e9ritos \"en el uso de las nuevas tecnolog\u00edas de telecomunicaciones y medios de comunicaci\u00f3n\". <\/div>\n\t\t\t\t\t\t\t\t\t\t\t\t\t\t\t\t\t\t\t  \t\t<\/div>\n\t\t\t\t\t\t\t\t\t<\/div>\n\t\t\t\t\t\t\t\t<\/div>\n\n\t\t\t\t\t\t\t<\/div>\n\t\t\t\t\t\t<\/div>\n\n\t\t\t\t\t  \t\t\t\t\t\t  \t\t\t\t\t\t  \t\t\t<div class=\"wew-timeline-item\">\n\t\t\t\t\t\t  \t\t<div class=\"wew-timeline-date\"><span>Junio 1997<\/span><\/div>\n\t\t\t\t\t\t\t<\/div>\n\t\t\t\t\t\t\t\t\t\t\t\t\t<div class=\"wew-timeline-item\">\n\t\t\t\t\t\t  \t\t<div class=\"wew-timeline-date wew-timeline-date-right\"><span>2 de junio de 2000<\/span><\/div>\n\t\t\t\t\t\t\t<\/div>\n\t\t\t\t\t\t\n\t\t\t\t  \t\t<div class=\"wew-timeline-item wew-timeline-item-right\">\n\t\t\t\t  \t\t\t<div class=\"wew-timeline-item-wrap\">\n\n\t\t\t\t  \t\t\t\t<div class=\"wew-timeline-line\"><span><\/span><\/div>\n\n\t\t\t\t\t  \t\t\t<div class=\"wew-timeline-item-container\">\n\t\t\t\t\t  \t\t\t\t<div class=\"wew-timeline-icon wew-timeline-custom-icon\"><span><i class=\"fa fa-star\"><\/i><\/span><\/div>\n\n\t\t\t\t\t\t  \t\t\t<div class=\"wew-timeline-item-main\">\n\t\t\t\t\t\t  \t\t\t\t<span class=\"wew-timeline-arrow\"><\/span>\n\n\t\t\t\t\t\t  \t\t\t\t\n\t\t\t\t\t\t\t\t  \t\t<div class=\"wew-timeline-desc\">\n\t\t\t\t\t\t\t\t\t\t\t\t\t\t\t\t\t\t\t\t\t\t\t<h4 class=\"wew-timeline-title\">\n\t\t\t\t\t\t\t\t\t\t\t\t\t<a href=\"#\" title=\"\"><\/a>\n\t\t\t\t\t\t\t\t\t\t\t\t<\/h4>\n\t\t\t\t\t\t\t\t\t\t\t\t\t\t\t\t\t\t\t\t\t\t\t<ul class=\"wew-timeline-meta wew-timeline-hidden\">\n\t\t\t\t\t\t\t\t\t\t\t\t\t<li>2 de junio de 2000<\/li>\n\t\t\t\t\t\t\t\t\t\t\t\t<\/ul>\n\t\t\t\t\t\t\t\t\t\t\t\t\t\t\t\t\t\t\t\t\t\t\t<div class=\"wew-timeline-excerpt\"><span style= \"color:#15AEF0\";><b>Chiara Lubich se re\u00fane con 800 comunicadores en Castel Gandolfo (Italia)<\/b><b>Nace NetOne<\/b><\/span><\/div>\n\t\t\t\t\t\t\t\t\t\t\t\t\t\t\t\t\t\t\t  \t\t<\/div>\n\t\t\t\t\t\t\t\t\t<\/div>\n\t\t\t\t\t\t\t\t<\/div>\n\n\t\t\t\t\t\t\t<\/div>\n\t\t\t\t\t\t<\/div>\n\n\t\t\t\t\t  \t\n\t\t\t\t  \t\t<div class=\"wew-timeline-item wew-timeline-item-left\">\n\t\t\t\t  \t\t\t<div class=\"wew-timeline-item-wrap\">\n\n\t\t\t\t  \t\t\t\t<div class=\"wew-timeline-line\"><span><\/span><\/div>\n\n\t\t\t\t\t  \t\t\t<div class=\"wew-timeline-item-container\">\n\t\t\t\t\t  \t\t\t\t<div class=\"wew-timeline-icon wew-timeline-custom-icon\"><span><i class=\"fa fa-calendar-o\"><\/i><\/span><\/div>\n\n\t\t\t\t\t\t  \t\t\t<div class=\"wew-timeline-item-main\">\n\t\t\t\t\t\t  \t\t\t\t<span class=\"wew-timeline-arrow\"><\/span>\n\n\t\t\t\t\t\t  \t\t\t\t\n\t\t\t\t\t\t\t\t  \t\t<div class=\"wew-timeline-desc\">\n\t\t\t\t\t\t\t\t\t\t\t\t\t\t\t\t\t\t\t\t\t\t\t<h4 class=\"wew-timeline-title\">\n\t\t\t\t\t\t\t\t\t\t\t\t\t<a href=\"#\" title=\"\"><\/a>\n\t\t\t\t\t\t\t\t\t\t\t\t<\/h4>\n\t\t\t\t\t\t\t\t\t\t\t\t\t\t\t\t\t\t\t\t\t\t\t<ul class=\"wew-timeline-meta wew-timeline-hidden\">\n\t\t\t\t\t\t\t\t\t\t\t\t\t<li>Julio 2000<\/li>\n\t\t\t\t\t\t\t\t\t\t\t\t<\/ul>\n\t\t\t\t\t\t\t\t\t\t\t\t\t\t\t\t\t\t\t\t\t\t\t<div class=\"wew-timeline-excerpt\">Primer encuentro del board de coordinaci\u00f3n de NetOne.<\/div>\n\t\t\t\t\t\t\t\t\t\t\t\t\t\t\t\t\t\t\t  \t\t<\/div>\n\t\t\t\t\t\t\t\t\t<\/div>\n\t\t\t\t\t\t\t\t<\/div>\n\n\t\t\t\t\t\t\t<\/div>\n\t\t\t\t\t\t<\/div>\n\n\t\t\t\t\t  \t\t\t\t\t\t  \t\t\t\t\t\t  \t\t\t<div class=\"wew-timeline-item\">\n\t\t\t\t\t\t  \t\t<div class=\"wew-timeline-date\"><span>Julio 2000<\/span><\/div>\n\t\t\t\t\t\t\t<\/div>\n\t\t\t\t\t\t\t\t\t\t\t\t\t<div class=\"wew-timeline-item\">\n\t\t\t\t\t\t  \t\t<div class=\"wew-timeline-date wew-timeline-date-right\"><span>Septiembre de 2000<\/span><\/div>\n\t\t\t\t\t\t\t<\/div>\n\t\t\t\t\t\t\n\t\t\t\t  \t\t<div class=\"wew-timeline-item wew-timeline-item-right\">\n\t\t\t\t  \t\t\t<div class=\"wew-timeline-item-wrap\">\n\n\t\t\t\t  \t\t\t\t<div class=\"wew-timeline-line\"><span><\/span><\/div>\n\n\t\t\t\t\t  \t\t\t<div class=\"wew-timeline-item-container\">\n\t\t\t\t\t  \t\t\t\t<div class=\"wew-timeline-icon wew-timeline-custom-icon\"><span><i class=\"fa fa-calendar\"><\/i><\/span><\/div>\n\n\t\t\t\t\t\t  \t\t\t<div class=\"wew-timeline-item-main\">\n\t\t\t\t\t\t  \t\t\t\t<span class=\"wew-timeline-arrow\"><\/span>\n\n\t\t\t\t\t\t  \t\t\t\t\n\t\t\t\t\t\t\t\t  \t\t<div class=\"wew-timeline-desc\">\n\t\t\t\t\t\t\t\t\t\t\t\t\t\t\t\t\t\t\t\t\t\t\t<h4 class=\"wew-timeline-title\">\n\t\t\t\t\t\t\t\t\t\t\t\t\t<a href=\"#\" title=\"\"><\/a>\n\t\t\t\t\t\t\t\t\t\t\t\t<\/h4>\n\t\t\t\t\t\t\t\t\t\t\t\t\t\t\t\t\t\t\t\t\t\t\t<ul class=\"wew-timeline-meta wew-timeline-hidden\">\n\t\t\t\t\t\t\t\t\t\t\t\t\t<li>Septiembre de 2000<\/li>\n\t\t\t\t\t\t\t\t\t\t\t\t<\/ul>\n\t\t\t\t\t\t\t\t\t\t\t\t\t\t\t\t\t\t\t\t\t\t\t<div class=\"wew-timeline-excerpt\">Se extiende el inter\u00e9s por NetOne. En Italia, Europa, Asia y Estados Unidos (sobre todo en Hollywood) se celebran encuentros y talleres sobre el papel de la comunicaci\u00f3n como herramienta para la unidad de los pueblos.<\/div>\n\t\t\t\t\t\t\t\t\t\t\t\t\t\t\t\t\t\t\t  \t\t<\/div>\n\t\t\t\t\t\t\t\t\t<\/div>\n\t\t\t\t\t\t\t\t<\/div>\n\n\t\t\t\t\t\t\t<\/div>\n\t\t\t\t\t\t<\/div>\n\n\t\t\t\t\t  \t\n\t\t\t\t  \t\t<div class=\"wew-timeline-item wew-timeline-item-left\">\n\t\t\t\t  \t\t\t<div class=\"wew-timeline-item-wrap\">\n\n\t\t\t\t  \t\t\t\t<div class=\"wew-timeline-line\"><span><\/span><\/div>\n\n\t\t\t\t\t  \t\t\t<div class=\"wew-timeline-item-container\">\n\t\t\t\t\t  \t\t\t\t<div class=\"wew-timeline-icon wew-timeline-custom-icon\"><span><i class=\"fa fa-calendar-o\"><\/i><\/span><\/div>\n\n\t\t\t\t\t\t  \t\t\t<div class=\"wew-timeline-item-main\">\n\t\t\t\t\t\t  \t\t\t\t<span class=\"wew-timeline-arrow\"><\/span>\n\n\t\t\t\t\t\t  \t\t\t\t\n\t\t\t\t\t\t\t\t  \t\t<div class=\"wew-timeline-desc\">\n\t\t\t\t\t\t\t\t\t\t\t\t\t\t\t\t\t\t\t\t\t\t\t<h4 class=\"wew-timeline-title\">\n\t\t\t\t\t\t\t\t\t\t\t\t\t<a href=\"#\" title=\"\"><\/a>\n\t\t\t\t\t\t\t\t\t\t\t\t<\/h4>\n\t\t\t\t\t\t\t\t\t\t\t\t\t\t\t\t\t\t\t\t\t\t\t<ul class=\"wew-timeline-meta wew-timeline-hidden\">\n\t\t\t\t\t\t\t\t\t\t\t\t\t<li>Junio de 2003<\/li>\n\t\t\t\t\t\t\t\t\t\t\t\t<\/ul>\n\t\t\t\t\t\t\t\t\t\t\t\t\t\t\t\t\t\t\t\t\t\t\t<div class=\"wew-timeline-excerpt\">Primer simposio internacional de NetOne. Chiara Lubich ofrece un modelo a los profesionales de los medios de comunicaci\u00f3n: Mar\u00eda, la Madre de Cristo, un canal transparente de transmisi\u00f3n de lo sagrado a la humanidad. <\/div>\n\t\t\t\t\t\t\t\t\t\t\t\t\t\t\t\t\t\t\t  \t\t<\/div>\n\t\t\t\t\t\t\t\t\t<\/div>\n\t\t\t\t\t\t\t\t<\/div>\n\n\t\t\t\t\t\t\t<\/div>\n\t\t\t\t\t\t<\/div>\n\n\t\t\t\t\t  \t\t\t\t\t\t  \t\t\t\t\t\t  \t\t\t<div class=\"wew-timeline-item\">\n\t\t\t\t\t\t  \t\t<div class=\"wew-timeline-date\"><span>Junio de 2003<\/span><\/div>\n\t\t\t\t\t\t\t<\/div>\n\t\t\t\t\t\t\t\t\t\t\t\t\t<div class=\"wew-timeline-item\">\n\t\t\t\t\t\t  \t\t<div class=\"wew-timeline-date wew-timeline-date-right\"><span>Noviembre 2004<\/span><\/div>\n\t\t\t\t\t\t\t<\/div>\n\t\t\t\t\t\t\n\t\t\t\t  \t\t<div class=\"wew-timeline-item wew-timeline-item-right\">\n\t\t\t\t  \t\t\t<div class=\"wew-timeline-item-wrap\">\n\n\t\t\t\t  \t\t\t\t<div class=\"wew-timeline-line\"><span><\/span><\/div>\n\n\t\t\t\t\t  \t\t\t<div class=\"wew-timeline-item-container\">\n\t\t\t\t\t  \t\t\t\t<div class=\"wew-timeline-icon wew-timeline-custom-icon\"><span><i class=\"fa fa-calendar\"><\/i><\/span><\/div>\n\n\t\t\t\t\t\t  \t\t\t<div class=\"wew-timeline-item-main\">\n\t\t\t\t\t\t  \t\t\t\t<span class=\"wew-timeline-arrow\"><\/span>\n\n\t\t\t\t\t\t  \t\t\t\t\n\t\t\t\t\t\t\t\t  \t\t<div class=\"wew-timeline-desc\">\n\t\t\t\t\t\t\t\t\t\t\t\t\t\t\t\t\t\t\t\t\t\t\t<h4 class=\"wew-timeline-title\">\n\t\t\t\t\t\t\t\t\t\t\t\t\t<a href=\"#\" title=\"\"><\/a>\n\t\t\t\t\t\t\t\t\t\t\t\t<\/h4>\n\t\t\t\t\t\t\t\t\t\t\t\t\t\t\t\t\t\t\t\t\t\t\t<ul class=\"wew-timeline-meta wew-timeline-hidden\">\n\t\t\t\t\t\t\t\t\t\t\t\t\t<li>Noviembre 2004<\/li>\n\t\t\t\t\t\t\t\t\t\t\t\t<\/ul>\n\t\t\t\t\t\t\t\t\t\t\t\t\t\t\t\t\t\t\t\t\t\t\t<div class=\"wew-timeline-excerpt\">En el congreso \"El silencio y la palabra. La Luz\", participan m\u00e1s de mil comunicadores. Destacan cuatro campos profesionales: el periodismo, las ciencias de la comunicaci\u00f3n y la edici\u00f3n, el cine y la televisi\u00f3n, las tecnolog\u00edas de la informaci\u00f3n y la comunicaci\u00f3n empresarial. <\/div>\n\t\t\t\t\t\t\t\t\t\t\t\t\t\t\t\t\t\t\t  \t\t<\/div>\n\t\t\t\t\t\t\t\t\t<\/div>\n\t\t\t\t\t\t\t\t<\/div>\n\n\t\t\t\t\t\t\t<\/div>\n\t\t\t\t\t\t<\/div>\n\n\t\t\t\t\t  \t\n\t\t\t\t  \t\t<div class=\"wew-timeline-item wew-timeline-item-left\">\n\t\t\t\t  \t\t\t<div class=\"wew-timeline-item-wrap\">\n\n\t\t\t\t  \t\t\t\t<div class=\"wew-timeline-line\"><span><\/span><\/div>\n\n\t\t\t\t\t  \t\t\t<div class=\"wew-timeline-item-container\">\n\t\t\t\t\t  \t\t\t\t<div class=\"wew-timeline-icon wew-timeline-custom-icon\"><span><i class=\"fa fa-calendar-o\"><\/i><\/span><\/div>\n\n\t\t\t\t\t\t  \t\t\t<div class=\"wew-timeline-item-main\">\n\t\t\t\t\t\t  \t\t\t\t<span class=\"wew-timeline-arrow\"><\/span>\n\n\t\t\t\t\t\t  \t\t\t\t\n\t\t\t\t\t\t\t\t  \t\t<div class=\"wew-timeline-desc\">\n\t\t\t\t\t\t\t\t\t\t\t\t\t\t\t\t\t\t\t\t\t\t\t<h4 class=\"wew-timeline-title\">\n\t\t\t\t\t\t\t\t\t\t\t\t\t<a href=\"#\" title=\"\"><\/a>\n\t\t\t\t\t\t\t\t\t\t\t\t<\/h4>\n\t\t\t\t\t\t\t\t\t\t\t\t\t\t\t\t\t\t\t\t\t\t\t<ul class=\"wew-timeline-meta wew-timeline-hidden\">\n\t\t\t\t\t\t\t\t\t\t\t\t\t<li>A\u00f1o 2006<\/li>\n\t\t\t\t\t\t\t\t\t\t\t\t<\/ul>\n\t\t\t\t\t\t\t\t\t\t\t\t\t\t\t\t\t\t\t\t\t\t\t<div class=\"wew-timeline-excerpt\">Se funda\u201d Intermediando\u201d, un taller interdisciplinar experimental para j\u00f3venes profesionales de los medios de comunicaci\u00f3n y estudiantes de comunicaci\u00f3n. <\/div>\n\t\t\t\t\t\t\t\t\t\t\t\t\t\t\t\t\t\t\t  \t\t<\/div>\n\t\t\t\t\t\t\t\t\t<\/div>\n\t\t\t\t\t\t\t\t<\/div>\n\n\t\t\t\t\t\t\t<\/div>\n\t\t\t\t\t\t<\/div>\n\n\t\t\t\t\t  \t\t\t\t\t\t  \t\t\t\t\t\t  \t\t\t<div class=\"wew-timeline-item\">\n\t\t\t\t\t\t  \t\t<div class=\"wew-timeline-date\"><span>A\u00f1o 2006<\/span><\/div>\n\t\t\t\t\t\t\t<\/div>\n\t\t\t\t\t\t\t\t\t\t\t\t\t<div class=\"wew-timeline-item\">\n\t\t\t\t\t\t  \t\t<div class=\"wew-timeline-date wew-timeline-date-right\"><span>A\u00f1o 2007<\/span><\/div>\n\t\t\t\t\t\t\t<\/div>\n\t\t\t\t\t\t\n\t\t\t\t  \t\t<div class=\"wew-timeline-item wew-timeline-item-right\">\n\t\t\t\t  \t\t\t<div class=\"wew-timeline-item-wrap\">\n\n\t\t\t\t  \t\t\t\t<div class=\"wew-timeline-line\"><span><\/span><\/div>\n\n\t\t\t\t\t  \t\t\t<div class=\"wew-timeline-item-container\">\n\t\t\t\t\t  \t\t\t\t<div class=\"wew-timeline-icon wew-timeline-custom-icon\"><span><i class=\"fa fa-calendar\"><\/i><\/span><\/div>\n\n\t\t\t\t\t\t  \t\t\t<div class=\"wew-timeline-item-main\">\n\t\t\t\t\t\t  \t\t\t\t<span class=\"wew-timeline-arrow\"><\/span>\n\n\t\t\t\t\t\t  \t\t\t\t\n\t\t\t\t\t\t\t\t  \t\t<div class=\"wew-timeline-desc\">\n\t\t\t\t\t\t\t\t\t\t\t\t\t\t\t\t\t\t\t\t\t\t\t<h4 class=\"wew-timeline-title\">\n\t\t\t\t\t\t\t\t\t\t\t\t\t<a href=\"#\" title=\"\"><\/a>\n\t\t\t\t\t\t\t\t\t\t\t\t<\/h4>\n\t\t\t\t\t\t\t\t\t\t\t\t\t\t\t\t\t\t\t\t\t\t\t<ul class=\"wew-timeline-meta wew-timeline-hidden\">\n\t\t\t\t\t\t\t\t\t\t\t\t\t<li>A\u00f1o 2007<\/li>\n\t\t\t\t\t\t\t\t\t\t\t\t<\/ul>\n\t\t\t\t\t\t\t\t\t\t\t\t\t\t\t\t\t\t\t\t\t\t\t<div class=\"wew-timeline-excerpt\">Se inaugura en el Instituto Universitario Sophia de Loppiano (Italia) con el curso de Comunicaci\u00f3n y Cultura de la Unidad.<\/div>\n\t\t\t\t\t\t\t\t\t\t\t\t\t\t\t\t\t\t\t  \t\t<\/div>\n\t\t\t\t\t\t\t\t\t<\/div>\n\t\t\t\t\t\t\t\t<\/div>\n\n\t\t\t\t\t\t\t<\/div>\n\t\t\t\t\t\t<\/div>\n\n\t\t\t\t\t  \t\n\t\t\t\t  \t\t<div class=\"wew-timeline-item wew-timeline-item-left\">\n\t\t\t\t  \t\t\t<div class=\"wew-timeline-item-wrap\">\n\n\t\t\t\t  \t\t\t\t<div class=\"wew-timeline-line\"><span><\/span><\/div>\n\n\t\t\t\t\t  \t\t\t<div class=\"wew-timeline-item-container\">\n\t\t\t\t\t  \t\t\t\t<div class=\"wew-timeline-icon wew-timeline-custom-icon\"><span><i class=\"fa fa-calendar-o\"><\/i><\/span><\/div>\n\n\t\t\t\t\t\t  \t\t\t<div class=\"wew-timeline-item-main\">\n\t\t\t\t\t\t  \t\t\t\t<span class=\"wew-timeline-arrow\"><\/span>\n\n\t\t\t\t\t\t  \t\t\t\t\n\t\t\t\t\t\t\t\t  \t\t<div class=\"wew-timeline-desc\">\n\t\t\t\t\t\t\t\t\t\t\t\t\t\t\t\t\t\t\t\t\t\t\t<h4 class=\"wew-timeline-title\">\n\t\t\t\t\t\t\t\t\t\t\t\t\t<a href=\"#\" title=\"\"><\/a>\n\t\t\t\t\t\t\t\t\t\t\t\t<\/h4>\n\t\t\t\t\t\t\t\t\t\t\t\t\t\t\t\t\t\t\t\t\t\t\t<ul class=\"wew-timeline-meta wew-timeline-hidden\">\n\t\t\t\t\t\t\t\t\t\t\t\t\t<li>A\u00f1o 2008<\/li>\n\t\t\t\t\t\t\t\t\t\t\t\t<\/ul>\n\t\t\t\t\t\t\t\t\t\t\t\t\t\t\t\t\t\t\t\t\t\t\t<div class=\"wew-timeline-excerpt\">Nace la red NetOne en Am\u00e9rica Latina, con cuatro congresos en Brasil, Argentina, Colombia y Chile. La comunicaci\u00f3n latinoamericana entra en el mundo acad\u00e9mico con importantes implicaciones sociales y comunitarias. <\/div>\n\t\t\t\t\t\t\t\t\t\t\t\t\t\t\t\t\t\t\t  \t\t<\/div>\n\t\t\t\t\t\t\t\t\t<\/div>\n\t\t\t\t\t\t\t\t<\/div>\n\n\t\t\t\t\t\t\t<\/div>\n\t\t\t\t\t\t<\/div>\n\n\t\t\t\t\t  \t\t\t\t\t\t  \t\t\t\t\t\t  \t\t\t<div class=\"wew-timeline-item\">\n\t\t\t\t\t\t  \t\t<div class=\"wew-timeline-date\"><span>A\u00f1o 2008<\/span><\/div>\n\t\t\t\t\t\t\t<\/div>\n\t\t\t\t\t\t\t\t\t\t\t\t\t<div class=\"wew-timeline-item\">\n\t\t\t\t\t\t  \t\t<div class=\"wew-timeline-date wew-timeline-date-right\"><span>A\u00f1o 2015<\/span><\/div>\n\t\t\t\t\t\t\t<\/div>\n\t\t\t\t\t\t\n\t\t\t\t  \t\t<div class=\"wew-timeline-item wew-timeline-item-right\">\n\t\t\t\t  \t\t\t<div class=\"wew-timeline-item-wrap\">\n\n\t\t\t\t  \t\t\t\t<div class=\"wew-timeline-line\"><span><\/span><\/div>\n\n\t\t\t\t\t  \t\t\t<div class=\"wew-timeline-item-container\">\n\t\t\t\t\t  \t\t\t\t<div class=\"wew-timeline-icon wew-timeline-custom-icon\"><span><i class=\"fa fa-calendar\"><\/i><\/span><\/div>\n\n\t\t\t\t\t\t  \t\t\t<div class=\"wew-timeline-item-main\">\n\t\t\t\t\t\t  \t\t\t\t<span class=\"wew-timeline-arrow\"><\/span>\n\n\t\t\t\t\t\t  \t\t\t\t\n\t\t\t\t\t\t\t\t  \t\t<div class=\"wew-timeline-desc\">\n\t\t\t\t\t\t\t\t\t\t\t\t\t\t\t\t\t\t\t\t\t\t\t<h4 class=\"wew-timeline-title\">\n\t\t\t\t\t\t\t\t\t\t\t\t\t<a href=\"#\" title=\"\"><\/a>\n\t\t\t\t\t\t\t\t\t\t\t\t<\/h4>\n\t\t\t\t\t\t\t\t\t\t\t\t\t\t\t\t\t\t\t\t\t\t\t<ul class=\"wew-timeline-meta wew-timeline-hidden\">\n\t\t\t\t\t\t\t\t\t\t\t\t\t<li>A\u00f1o 2015<\/li>\n\t\t\t\t\t\t\t\t\t\t\t\t<\/ul>\n\t\t\t\t\t\t\t\t\t\t\t\t\t\t\t\t\t\t\t\t\t\t\t<div class=\"wew-timeline-excerpt\">Es la hora de \u00c1frica. NetOne prepara conferencias y talleres en Ben\u00edn, Burkina Faso, Burundi, Costa de Marfil, Kenia y Rep\u00fablica Democr\u00e1tica del Congo. Tambi\u00e9n participan profesionales de los medios de comunicaci\u00f3n y estudiosos de la comunicaci\u00f3n de Senegal, Mal\u00ed y Tanzania. <\/div>\n\t\t\t\t\t\t\t\t\t\t\t\t\t\t\t\t\t\t\t  \t\t<\/div>\n\t\t\t\t\t\t\t\t\t<\/div>\n\t\t\t\t\t\t\t\t<\/div>\n\n\t\t\t\t\t\t\t<\/div>\n\t\t\t\t\t\t<\/div>\n\n\t\t\t\t\t  \t\n\t\t\t\t  \t\t<div class=\"wew-timeline-item wew-timeline-item-left\">\n\t\t\t\t  \t\t\t<div class=\"wew-timeline-item-wrap\">\n\n\t\t\t\t  \t\t\t\t<div class=\"wew-timeline-line\"><span><\/span><\/div>\n\n\t\t\t\t\t  \t\t\t<div class=\"wew-timeline-item-container\">\n\t\t\t\t\t  \t\t\t\t<div class=\"wew-timeline-icon wew-timeline-custom-icon\"><span><i class=\"fa fa-calendar-o\"><\/i><\/span><\/div>\n\n\t\t\t\t\t\t  \t\t\t<div class=\"wew-timeline-item-main\">\n\t\t\t\t\t\t  \t\t\t\t<span class=\"wew-timeline-arrow\"><\/span>\n\n\t\t\t\t\t\t  \t\t\t\t\n\t\t\t\t\t\t\t\t  \t\t<div class=\"wew-timeline-desc\">\n\t\t\t\t\t\t\t\t\t\t\t\t\t\t\t\t\t\t\t\t\t\t\t<h4 class=\"wew-timeline-title\">\n\t\t\t\t\t\t\t\t\t\t\t\t\t<a href=\"#\" title=\"\"><\/a>\n\t\t\t\t\t\t\t\t\t\t\t\t<\/h4>\n\t\t\t\t\t\t\t\t\t\t\t\t\t\t\t\t\t\t\t\t\t\t\t<ul class=\"wew-timeline-meta wew-timeline-hidden\">\n\t\t\t\t\t\t\t\t\t\t\t\t\t<li>A\u00f1o 2016<\/li>\n\t\t\t\t\t\t\t\t\t\t\t\t<\/ul>\n\t\t\t\t\t\t\t\t\t\t\t\t\t\t\t\t\t\t\t\t\t\t\t<div class=\"wew-timeline-excerpt\">El proyecto \"Por un periodismo dial\u00f3gico\" re\u00fane a profesionales de los medios de comunicaci\u00f3n, soci\u00f3logos, historiadores y te\u00f3logos en lugares de crisis y conflicto en \u00c1frica, Oriente Medio y Europa para comprender y aprender a informar sobre migraciones, guerras y democracias fr\u00e1giles con una perspectiva multifac\u00e9tica.   <\/div>\n\t\t\t\t\t\t\t\t\t\t\t\t\t\t\t\t\t\t\t  \t\t<\/div>\n\t\t\t\t\t\t\t\t\t<\/div>\n\t\t\t\t\t\t\t\t<\/div>\n\n\t\t\t\t\t\t\t<\/div>\n\t\t\t\t\t\t<\/div>\n\n\t\t\t\t\t  \t\t\t\t\t\t  \t\t\t\t\t\t  \t\t\t<div class=\"wew-timeline-item\">\n\t\t\t\t\t\t  \t\t<div class=\"wew-timeline-date\"><span>A\u00f1o 2016<\/span><\/div>\n\t\t\t\t\t\t\t<\/div>\n\t\t\t\t\t\t\t\t\t\t\t\t\t<div class=\"wew-timeline-item\">\n\t\t\t\t\t\t  \t\t<div class=\"wew-timeline-date wew-timeline-date-right\"><span>A\u00f1o 2019<\/span><\/div>\n\t\t\t\t\t\t\t<\/div>\n\t\t\t\t\t\t\n\t\t\t\t  \t\t<div class=\"wew-timeline-item wew-timeline-item-right\">\n\t\t\t\t  \t\t\t<div class=\"wew-timeline-item-wrap\">\n\n\t\t\t\t  \t\t\t\t<div class=\"wew-timeline-line\"><span><\/span><\/div>\n\n\t\t\t\t\t  \t\t\t<div class=\"wew-timeline-item-container\">\n\t\t\t\t\t  \t\t\t\t<div class=\"wew-timeline-icon wew-timeline-custom-icon\"><span><i class=\"fa fa-calendar\"><\/i><\/span><\/div>\n\n\t\t\t\t\t\t  \t\t\t<div class=\"wew-timeline-item-main\">\n\t\t\t\t\t\t  \t\t\t\t<span class=\"wew-timeline-arrow\"><\/span>\n\n\t\t\t\t\t\t  \t\t\t\t\n\t\t\t\t\t\t\t\t  \t\t<div class=\"wew-timeline-desc\">\n\t\t\t\t\t\t\t\t\t\t\t\t\t\t\t\t\t\t\t\t\t\t\t<h4 class=\"wew-timeline-title\">\n\t\t\t\t\t\t\t\t\t\t\t\t\t<a href=\"#\" title=\"\"><\/a>\n\t\t\t\t\t\t\t\t\t\t\t\t<\/h4>\n\t\t\t\t\t\t\t\t\t\t\t\t\t\t\t\t\t\t\t\t\t\t\t<ul class=\"wew-timeline-meta wew-timeline-hidden\">\n\t\t\t\t\t\t\t\t\t\t\t\t\t<li>A\u00f1o 2019<\/li>\n\t\t\t\t\t\t\t\t\t\t\t\t<\/ul>\n\t\t\t\t\t\t\t\t\t\t\t\t\t\t\t\t\t\t\t\t\t\t\t<div class=\"wew-timeline-excerpt\">El foro digital \"Humanidad 4.0 - Hacia las comunidades del futuro\" junto con el consultor de la ONU para la cooperaci\u00f3n digital, Fadi Chehad\u00e9, lanza el proyecto de un Juramento Digital, por una tecnolog\u00eda al servicio de la humanidad y el desarrollo sostenible.<\/div>\n\t\t\t\t\t\t\t\t\t\t\t\t\t\t\t\t\t\t\t  \t\t<\/div>\n\t\t\t\t\t\t\t\t\t<\/div>\n\t\t\t\t\t\t\t\t<\/div>\n\n\t\t\t\t\t\t\t<\/div>\n\t\t\t\t\t\t<\/div>\n\n\t\t\t\t\t  \t\n\t\t\t\t  \t\t<div class=\"wew-timeline-item wew-timeline-item-left\">\n\t\t\t\t  \t\t\t<div class=\"wew-timeline-item-wrap\">\n\n\t\t\t\t  \t\t\t\t<div class=\"wew-timeline-line\"><span><\/span><\/div>\n\n\t\t\t\t\t  \t\t\t<div class=\"wew-timeline-item-container\">\n\t\t\t\t\t  \t\t\t\t<div class=\"wew-timeline-icon wew-timeline-custom-icon\"><span><i class=\"fa fa-calendar-o\"><\/i><\/span><\/div>\n\n\t\t\t\t\t\t  \t\t\t<div class=\"wew-timeline-item-main\">\n\t\t\t\t\t\t  \t\t\t\t<span class=\"wew-timeline-arrow\"><\/span>\n\n\t\t\t\t\t\t  \t\t\t\t\n\t\t\t\t\t\t\t\t  \t\t<div class=\"wew-timeline-desc\">\n\t\t\t\t\t\t\t\t\t\t\t\t\t\t\t\t\t\t\t\t\t\t\t<h4 class=\"wew-timeline-title\">\n\t\t\t\t\t\t\t\t\t\t\t\t\t<a href=\"#\" title=\"\"><\/a>\n\t\t\t\t\t\t\t\t\t\t\t\t<\/h4>\n\t\t\t\t\t\t\t\t\t\t\t\t\t\t\t\t\t\t\t\t\t\t\t<ul class=\"wew-timeline-meta wew-timeline-hidden\">\n\t\t\t\t\t\t\t\t\t\t\t\t\t<li>A\u00f1o 2020<\/li>\n\t\t\t\t\t\t\t\t\t\t\t\t<\/ul>\n\t\t\t\t\t\t\t\t\t\t\t\t\t\t\t\t\t\t\t\t\t\t\t<div class=\"wew-timeline-excerpt\">Los seminarios web sobre \"Informaci\u00f3n y Pandemia\" re\u00fanen a profesionales de los medios de comunicaci\u00f3n y acad\u00e9micos internacionales para debatir en profundidad sobre la comunicaci\u00f3n del dolor, la enfermedad y la ciencia en los tiempos de Covid-19, entre las noticias falsas y la espectacularizaci\u00f3n.<\/div>\n\t\t\t\t\t\t\t\t\t\t\t\t\t\t\t\t\t\t\t  \t\t<\/div>\n\t\t\t\t\t\t\t\t\t<\/div>\n\t\t\t\t\t\t\t\t<\/div>\n\n\t\t\t\t\t\t\t<\/div>\n\t\t\t\t\t\t<\/div>\n\n\t\t\t\t\t  \t\t\t\t\t\t  \t\t\t\t\t\t  \t\t\t<div class=\"wew-timeline-item\">\n\t\t\t\t\t\t  \t\t<div class=\"wew-timeline-date\"><span>A\u00f1o 2020<\/span><\/div>\n\t\t\t\t\t\t\t<\/div>\n\t\t\t\t\t\t\t\t\t\t\t\t\t<div class=\"wew-timeline-item\">\n\t\t\t\t\t\t  \t\t<div class=\"wew-timeline-date wew-timeline-date-right\"><span>A\u00f1o 2021<\/span><\/div>\n\t\t\t\t\t\t\t<\/div>\n\t\t\t\t\t\t\n\t\t\t\t  \t\t<div class=\"wew-timeline-item wew-timeline-item-right\">\n\t\t\t\t  \t\t\t<div class=\"wew-timeline-item-wrap\">\n\n\t\t\t\t  \t\t\t\t<div class=\"wew-timeline-line\"><span><\/span><\/div>\n\n\t\t\t\t\t  \t\t\t<div class=\"wew-timeline-item-container\">\n\t\t\t\t\t  \t\t\t\t<div class=\"wew-timeline-icon wew-timeline-custom-icon\"><span><i class=\"fa fa-calendar\"><\/i><\/span><\/div>\n\n\t\t\t\t\t\t  \t\t\t<div class=\"wew-timeline-item-main\">\n\t\t\t\t\t\t  \t\t\t\t<span class=\"wew-timeline-arrow\"><\/span>\n\n\t\t\t\t\t\t  \t\t\t\t\n\t\t\t\t\t\t\t\t  \t\t<div class=\"wew-timeline-desc\">\n\t\t\t\t\t\t\t\t\t\t\t\t\t\t\t\t\t\t\t\t\t\t\t<h4 class=\"wew-timeline-title\">\n\t\t\t\t\t\t\t\t\t\t\t\t\t<a href=\"#\" title=\"\"><\/a>\n\t\t\t\t\t\t\t\t\t\t\t\t<\/h4>\n\t\t\t\t\t\t\t\t\t\t\t\t\t\t\t\t\t\t\t\t\t\t\t<ul class=\"wew-timeline-meta wew-timeline-hidden\">\n\t\t\t\t\t\t\t\t\t\t\t\t\t<li>A\u00f1o 2021<\/li>\n\t\t\t\t\t\t\t\t\t\t\t\t<\/ul>\n\t\t\t\t\t\t\t\t\t\t\t\t\t\t\t\t\t\t\t\t\t\t\t<div class=\"wew-timeline-excerpt\">El seminario \"La televisi\u00f3n y el cine en di\u00e1logo con la cultura y la religi\u00f3n\" re\u00fane a profesionales veteranos y noveles de la televisi\u00f3n y el cine para trabajar en un modelo de narraci\u00f3n que potencie no s\u00f3lo la dimensi\u00f3n cultural sino tambi\u00e9n la espiritual de una producci\u00f3n visual.<\/div>\n\t\t\t\t\t\t\t\t\t\t\t\t\t\t\t\t\t\t\t  \t\t<\/div>\n\t\t\t\t\t\t\t\t\t<\/div>\n\t\t\t\t\t\t\t\t<\/div>\n\n\t\t\t\t\t\t\t<\/div>\n\t\t\t\t\t\t<\/div>\n\n\t\t\t\t\t  \t\n\t\t\t\t<\/div>\n\t\t\t<\/div>\n\n\t\t\t\t\t\t<\/div>\n\t\t\t\t<\/div>\n\t\t\t\t<div class=\"elementor-element elementor-element-b339fd4 elementor-widget elementor-widget-toggle\" data-id=\"b339fd4\" data-element_type=\"widget\" data-widget_type=\"toggle.default\">\n\t\t\t\t<div class=\"elementor-widget-container\">\n\t\t\t\t\t\t\t<div class=\"elementor-toggle\">\n\t\t\t\t\t\t\t<div class=\"elementor-toggle-item\">\n\t\t\t\t\t<div id=\"elementor-tab-title-1871\" class=\"elementor-tab-title\" data-tab=\"1\" role=\"button\" aria-controls=\"elementor-tab-content-1871\" aria-expanded=\"false\">\n\t\t\t\t\t\t\t\t\t\t\t\t<span class=\"elementor-toggle-icon elementor-toggle-icon-left\" aria-hidden=\"true\">\n\t\t\t\t\t\t\t\t\t\t\t\t\t\t\t<span class=\"elementor-toggle-icon-closed\"><i class=\"fas fa-caret-right\"><\/i><\/span>\n\t\t\t\t\t\t\t\t<span class=\"elementor-toggle-icon-opened\"><i class=\"elementor-toggle-icon-opened fas fa-caret-up\"><\/i><\/span>\n\t\t\t\t\t\t\t\t\t\t\t\t\t<\/span>\n\t\t\t\t\t\t\t\t\t\t\t\t<a class=\"elementor-toggle-title\" tabindex=\"0\">Leer m\u00e1s +<\/a>\n\t\t\t\t\t<\/div>\n\n\t\t\t\t\t<div id=\"elementor-tab-content-1871\" class=\"elementor-tab-content elementor-clearfix\" data-tab=\"1\" role=\"region\" aria-labelledby=\"elementor-tab-title-1871\"><p><b>Nuestra historia<\/b><\/p>\n<p><span style=\"font-weight: 400;\">La fecha de nacimiento de NetOne puede situarse en los inicios <\/span><b>de junio de 2000<\/b><span style=\"font-weight: 400;\">, cuando ochocientos comunicadores se reunieron en Castelgandolfo (Roma, Italia) por iniciativa del Movimiento de los Focolares.\u00a0<\/span><\/p>\n<p><span style=\"font-weight: 400;\">La aceleraci\u00f3n de los acontecimientos hab\u00eda comenzado <\/span><b>en marzo de 1995,<\/b><span style=\"font-weight: 400;\"> cuando la Uelci (Uni\u00f3n de Editores y Libreros Cat\u00f3licos Italianos) concedi\u00f3 a Chiara Lubich el premio \u00abAutor del A\u00f1o\u00bb por su trabajo como escritora, y en <\/span><b>enero de 1997<\/b><span style=\"font-weight: 400;\">, cuando Chiara Lubich recibi\u00f3 un doctorado honoris causa en Comunicaciones Sociales en la Universidad St. St. John\u2019s University de Bangkok por sus m\u00e9ritos \u00aben el uso de las nuevas telecomunicaciones y\u00a0 tecnolog\u00edas de los medios de comunicaci\u00f3n\u00bb.<\/span><\/p>\n<p>&nbsp;<\/p>\n<p><span style=\"font-weight: 400;\">Este fue probablemente uno de los principales elementos que empujaron a Chiara a acelerar el nacimiento de <\/span><b>NetOne<\/b><span style=\"font-weight: 400;\">, que en el congreso de junio de 2000 a\u00fan no ten\u00eda nombre. Chiara Lubich pronunci\u00f3 un discurso que quedar\u00e1 como \u00abdiscurso fundacional\u00bb, porque traz\u00f3 las l\u00edneas maestras, con segura inspiraci\u00f3n po\u00e9tica, de lo que ser\u00eda NetOne a lo largo de los a\u00f1os.<\/span><\/p>\n<p><span style=\"font-weight: 400;\">Al concluir este congreso, declar\u00f3 que la asociaci\u00f3n de comunicadores estaba \u00abfundada\u00bb. Nombr\u00f3 a Nedo Pozzi como coordinador de la \u00abnueva realidad\u00bb y con \u00e9l, en la comisi\u00f3n internacional fueron nominados: Michele Zanzucchi, periodista y escritor, Paolo Crepaz, periodista deportivo, Carla Cotignoli, periodista de Radio Vaticano, Lella Siniscalco, directora de tlevisi\u00f3n en la RAI durante muchos a\u00f1os, y Maria Rosa Logozzo, especialista en inform\u00e1tica. Ya en la composici\u00f3n, esta comisi\u00f3n revel\u00f3 lo que ser\u00edan los proyectos futuros de la red NetOne.<\/span><\/p>\n<p>&nbsp;<\/p>\n<p><b>El nombre \u00abNetOne\u00bb<\/b><span style=\"font-weight: 400;\"> surgi\u00f3 al final de una larga sesi\u00f3n de brainstorming que fue tambi\u00e9n una profunda reflexi\u00f3n sobre la visi\u00f3n y la misi\u00f3n de la naciente agrupaci\u00f3n de comunicadores.\u00a0<\/span><\/p>\n<p><span style=\"font-weight: 400;\">Ciertamente, \u00abNetOne\u00bb result\u00f3 ser un nombre fuerte, que indicaba el objetivo final del grupo (la unidad, uno) y al mismo tiempo su forma asociativa (la red, net). <\/span><b>NetOne: la cohabitaci\u00f3n bajo un mismo techo de todas las categor\u00edas profesionales y te\u00f3ricas que trabajan en el \u00e1mbito de la comunicaci\u00f3n.<\/b><\/p>\n<p><span style=\"font-weight: 400;\">Poco despu\u00e9s de la clausura del congreso, <\/span><b>en junio de 2000<\/b><span style=\"font-weight: 400;\">, se puso en marcha una serie de \u00abreuniones de formaci\u00f3n\u00bb para los que quisieran unirse.\u00a0<\/span><\/p>\n<p><span style=\"font-weight: 400;\">Este tipo de reuniones tambi\u00e9n se celebran ahora peri\u00f3dicamente por Internet en diversas partes del mundo, lo que permite llegar a los grupos NetOne incluso en lugares de dif\u00edcil acceso en los cinco continentes. En algunos pa\u00edses, las reuniones han comenzado donde NetOne ya hab\u00eda empezado \u00abnaturalmente\u00bb. De Espa\u00f1a, a Eslovenia, a M<\/span><span style=\"font-weight: 400;\">il\u00e1n, a Bolonia, a Filipinas. Pero tambi\u00e9n en Estados Unidos, m\u00e1s concretamente en Hollywood, y en Am\u00e9rica Latina.<\/span><\/p>\n<p><b>En 2003,<\/b><span style=\"font-weight: 400;\"> se propuso un Simposio Internacional de NetOne en Castel Gandolfo del 6 al 8 de junio. Chiara Lubich present\u00f3 la figura de la Madre de Cristo, \u00ab<\/span><span style=\"font-weight: 400;\">transparencia de Dios\u00bb sobre todo en su desolaci\u00f3n, como modelo tambi\u00e9n para todos los que trabajan en el \u00e1mbito de los medios de comunicaci\u00f3n: \u00ab&#8230; Su figura de madre que tiene a Dios muerto en sus brazos y sigue creyendo, y esperando y amando, puede ser el modelo y el sost\u00e9n de los comunicadores que a menudo tienen que ser testigos -y luego transmitir la noticia- de acontecimientos que recuerdan de diferentes maneras el abandono del Hijo de Dios en la cruz&#8230;\u00bb.<\/span><\/p>\n<p><span style=\"font-weight: 400;\">En <\/span><b>noviembre de 2004<\/b><span style=\"font-weight: 400;\">, <\/span><b>se realiz\u00f3 el congreso \u00abEl silencio y la palabra. La luz\u00bb. Fue un gran \u00e9xito, con la participaci\u00f3n de unos mil trabajadores de la comunicaci\u00f3n que se dividieron en cuatro talleres: periodismo, ciencias de la comunicaci\u00f3n y edici\u00f3n, cine y televisi\u00f3n, inform\u00e1tica y comunicaci\u00f3n empresarial. <\/b><span style=\"font-weight: 400;\">Una conferencia para poner en red las ideas, los proyectos, las percepciones culturales y las experiencias vitales de miles de comunicadores que trabajan o estudian en el \u00e1mbito de los medios de comunicaci\u00f3n en todo el mundo, con la perspectiva de construir un mundo unido.\u00a0<\/span><\/p>\n<p>&nbsp;<\/p>\n<p><b>En 2006<\/b><span style=\"font-weight: 400;\"> se puso en marcha la iniciativa: <\/span><b>\u00abIntermediando\u00bb<\/b><span style=\"font-weight: 400;\">, un taller de comunicaci\u00f3n para j\u00f3venes profesionales o estudiantes de Ciencias de la Comunicaci\u00f3n. Fue un intento para ofrecer las categor\u00edas propuestas por NetOne paraenriquecer el trabajo de muchos j\u00f3venes comunicadores. Intermediando ofreci\u00f3 un curso de \u00abprofundizaci\u00f3n creativa\u00bb por campos de inter\u00e9s (informaci\u00f3n, cine y TV, TIC y literatura) pero con apertura a lo inter y intradisciplinar.\u00a0<\/span><\/p>\n<p><b>El a\u00f1o 2008<\/b><span style=\"font-weight: 400;\"> fue importante po<\/span><span style=\"font-weight: 400;\">r la consolidaci\u00f3n de la red de NetOne en <\/span><b>Am\u00e9rica Latina<\/b><span style=\"font-weight: 400;\">, con cuatro congresos (Brasil, Argentina, Colombia y Chile). La comunicaci\u00f3n latinoamericana, incluida la acad\u00e9mica, aport\u00f3 a la red un incre\u00edble potencial creativo y social.\u00a0<\/span><\/p>\n<p><b>Desde 2015<\/b><span style=\"font-weight: 400;\">, se concretaron conferencias y talleres en Ben\u00edn, Burkina Faso (con participantes de Senegal y Mali), Burundi, Costa de Marfil, Kenia (con participantes de Tanzania). En la Rep\u00fablica Democr\u00e1tica. del Congo, participaron profesionales de los medios de comunicaci\u00f3n y te\u00f3ricos de la comunicaci\u00f3n de los distintos <\/span><b>pa\u00edses de \u00c1frica<\/b><span style=\"font-weight: 400;\">.<\/span><\/p>\n<p><b>En 2016<\/b><span style=\"font-weight: 400;\">, naci\u00f3 el proyecto: <\/span><b>\u201cPor un periodismo dial\u00f3gico\u201d<\/b><span style=\"font-weight: 400;\">, con el foco puesto en los conflictos en curso, donde se requiere un encuentro entre los actores sociales en conflicto. Se aborda el tema de las migraciones forzadas por el hambre y la guerra, especialmente desde los pa\u00edses africanos y Oriente Medio hacia Europa. Frente a este fen\u00f3meno, que tiene enormes implicancias geopol\u00edticas, econ\u00f3micas y antropol\u00f3gicas, NetOne se propone contar la historia del fen\u00f3meno migratorio a partir de las experiencias de quienes abandonan su patria para huir de la guerra, tratando de reconstruir los hechos y reuniendo los datos para descubrir y ofrecer la informaci\u00f3n con la mayor objetividad posible.<\/span><\/p>\n<p>&nbsp;<\/p>\n<p><b>En 2019<\/b><span style=\"font-weight: 400;\">, NetOne fue uno de los organizadores del Foro titulado <\/span><b>\u00abHumanidad 4.0<\/b><span style=\"font-weight: 400;\"> &#8211; Hacia las comunidades del futuro\u00bb fue celebrado en Trento, durante el cual el consultor de la ONU para el mundo digital, el profesor Fadi Chehad\u00e9, lanz\u00f3 la idea de empezar a trabajar en la definici\u00f3n de los l\u00edmites \u00e9ticos compartidos por los ingenieros para permitir un desarrollo m\u00e1s justo de las nuevas tecnolog\u00edas. Tras esta reuni\u00f3n, nacieron muchas iniciativas para avanzar en el campo de la comunicaci\u00f3n digital.<\/span><\/p>\n<p>&nbsp;<\/p>\n<p><span style=\"font-weight: 400;\">Otra caracter\u00edstica de los \u00faltimos a\u00f1os es la colaboraci\u00f3n en varios proyectos de comunicaci\u00f3n acad\u00e9mica con el Instituto Universitario Sophia, con sede en Loppiano.<\/span><\/p>\n<\/div>\n\t\t\t\t<\/div>\n\t\t\t\t\t\t\t\t<\/div>\n\t\t\t\t\t\t<\/div>\n\t\t\t\t<\/div>\n\t\t\t\t\t<\/div>\n\t\t\t\t<\/div>\n\t\t\t\t<\/div>\n\t\t","protected":false},"excerpt":{"rendered":"<p>NetOne naci\u00f3 el 2 de junio de 2000. Su historia se entrelaza con la de Chiara Lubich, fundadora del Movimiento de los Focolares y de muchas otras iniciativas orientadas a la fraternidad universal. Como en todas las historias, hay un antes y un despu\u00e9s. A\u00f1o 1940 Cartas, postales, tarjetas\u2026 Chiara Lubich escrib\u00eda incansablemente a amigos, [&hellip;]<\/p>\n","protected":false},"author":1,"featured_media":0,"parent":0,"menu_order":0,"comment_status":"closed","ping_status":"closed","template":"","meta":{"footnotes":""},"class_list":["post-6348","page","type-page","status-publish","hentry","entry"],"aioseo_notices":[],"_links":{"self":[{"href":"https:\/\/www.net-one.org\/es\/wp-json\/wp\/v2\/pages\/6348","targetHints":{"allow":["GET"]}}],"collection":[{"href":"https:\/\/www.net-one.org\/es\/wp-json\/wp\/v2\/pages"}],"about":[{"href":"https:\/\/www.net-one.org\/es\/wp-json\/wp\/v2\/types\/page"}],"author":[{"embeddable":true,"href":"https:\/\/www.net-one.org\/es\/wp-json\/wp\/v2\/users\/1"}],"replies":[{"embeddable":true,"href":"https:\/\/www.net-one.org\/es\/wp-json\/wp\/v2\/comments?post=6348"}],"version-history":[{"count":3,"href":"https:\/\/www.net-one.org\/es\/wp-json\/wp\/v2\/pages\/6348\/revisions"}],"predecessor-version":[{"id":6398,"href":"https:\/\/www.net-one.org\/es\/wp-json\/wp\/v2\/pages\/6348\/revisions\/6398"}],"wp:attachment":[{"href":"https:\/\/www.net-one.org\/es\/wp-json\/wp\/v2\/media?parent=6348"}],"curies":[{"name":"wp","href":"https:\/\/api.w.org\/{rel}","templated":true}]}}