{"id":6316,"date":"2022-11-02T20:49:45","date_gmt":"2022-11-02T19:49:45","guid":{"rendered":"https:\/\/www.net-one.org\/comissao\/"},"modified":"2023-01-19T21:56:40","modified_gmt":"2023-01-19T20:56:40","slug":"comissao","status":"publish","type":"page","link":"https:\/\/www.net-one.org\/pt-pt\/comissao\/","title":{"rendered":"Comiss\u00e3o"},"content":{"rendered":"\t\t<div data-elementor-type=\"wp-page\" data-elementor-id=\"6316\" class=\"elementor elementor-6316 elementor-5186\">\n\t\t\t\t<div class=\"elementor-element elementor-element-7d6e2c05 e-con-full e-flex e-con e-parent\" data-id=\"7d6e2c05\" data-element_type=\"container\" data-settings=\"{&quot;background_background&quot;:&quot;classic&quot;}\">\n\t\t<div class=\"elementor-element elementor-element-4e9bbf74 e-con-full e-flex e-con e-parent\" data-id=\"4e9bbf74\" data-element_type=\"container\">\n\t\t\t\t<div class=\"elementor-element elementor-element-be2e1d6 elementor-position-left elementor-vertical-align-middle elementor-widget elementor-widget-image-box\" data-id=\"be2e1d6\" data-element_type=\"widget\" data-widget_type=\"image-box.default\">\n\t\t\t\t<div class=\"elementor-widget-container\">\n\t\t\t\t\t<div class=\"elementor-image-box-wrapper\"><figure class=\"elementor-image-box-img\"><img decoding=\"async\" width=\"150\" height=\"150\" src=\"https:\/\/www.net-one.org\/wp-content\/uploads\/2022\/10\/net-one_LOGO.webp\" class=\"attachment-full size-full wp-image-5685\" alt=\"\" \/><\/figure><div class=\"elementor-image-box-content\"><h3 class=\"elementor-image-box-title\"> Comiss\u00e3o internacional<\/h3><\/div><\/div>\t\t\t\t<\/div>\n\t\t\t\t<\/div>\n\t\t\t\t<\/div>\n\t\t\t\t<\/div>\n\t\t<div class=\"elementor-element elementor-element-31bfde9f e-flex e-con-boxed e-con e-parent\" data-id=\"31bfde9f\" data-element_type=\"container\" data-settings=\"{&quot;background_background&quot;:&quot;classic&quot;}\">\n\t\t\t\t\t<div class=\"e-con-inner\">\n\t\t<div class=\"elementor-element elementor-element-2e7dc0a3 e-flex e-con-boxed e-con e-parent\" data-id=\"2e7dc0a3\" data-element_type=\"container\">\n\t\t\t\t\t<div class=\"e-con-inner\">\n\t\t\t\t<div class=\"elementor-element elementor-element-6d53cc4b elementor-widget elementor-widget-image\" data-id=\"6d53cc4b\" data-element_type=\"widget\" data-widget_type=\"image.default\">\n\t\t\t\t<div class=\"elementor-widget-container\">\n\t\t\t\t\t\t\t\t\t\t\t\t\t\t\t<img fetchpriority=\"high\" decoding=\"async\" width=\"400\" height=\"400\" src=\"https:\/\/www.net-one.org\/wp-content\/uploads\/2022\/10\/COMMISSIONE-Franco-Ropelato.webp\" class=\"attachment-large size-large wp-image-5761\" alt=\"\" srcset=\"https:\/\/www.net-one.org\/wp-content\/uploads\/2022\/10\/COMMISSIONE-Franco-Ropelato.webp 400w, https:\/\/www.net-one.org\/wp-content\/uploads\/2022\/10\/COMMISSIONE-Franco-Ropelato-300x300.webp 300w, https:\/\/www.net-one.org\/wp-content\/uploads\/2022\/10\/COMMISSIONE-Franco-Ropelato-150x150.webp 150w\" sizes=\"(max-width: 400px) 100vw, 400px\" \/>\t\t\t\t\t\t\t\t\t\t\t\t\t\t\t<\/div>\n\t\t\t\t<\/div>\n\t\t\t\t<div class=\"elementor-element elementor-element-5bb963b0 elementor-widget elementor-widget-heading\" data-id=\"5bb963b0\" data-element_type=\"widget\" data-widget_type=\"heading.default\">\n\t\t\t\t<div class=\"elementor-widget-container\">\n\t\t\t\t\t<h2 class=\"elementor-heading-title elementor-size-default\">Franco Ropelato (Italia)<br>Presidente da Associa\u00e7\u00e3o para NetOne<\/h2>\t\t\t\t<\/div>\n\t\t\t\t<\/div>\n\t\t\t\t<div class=\"elementor-element elementor-element-56855b71 elementor-widget elementor-widget-text-editor\" data-id=\"56855b71\" data-element_type=\"widget\" data-widget_type=\"text-editor.default\">\n\t\t\t\t<div class=\"elementor-widget-container\">\n\t\t\t\t\t\t\t\t\t<p><span style=\"font-weight: 400;\">Consultor de inform\u00e1tica e Sistemas de Informa\u00e7\u00e3o com ampla experi\u00eancia profissional como programador analista, analista de intelig\u00eancia empresarial&#8230;\u00a0<\/span><\/p>\n\t\t\t\t\t\t\t\t<\/div>\n\t\t\t\t<\/div>\n\t\t\t\t<div class=\"elementor-element elementor-element-6d279268 elementor-widget elementor-widget-toggle\" data-id=\"6d279268\" data-element_type=\"widget\" data-widget_type=\"toggle.default\">\n\t\t\t\t<div class=\"elementor-widget-container\">\n\t\t\t\t\t\t\t<div class=\"elementor-toggle\">\n\t\t\t\t\t\t\t<div class=\"elementor-toggle-item\">\n\t\t\t\t\t<div id=\"elementor-tab-title-1831\" class=\"elementor-tab-title\" data-tab=\"1\" role=\"button\" aria-controls=\"elementor-tab-content-1831\" aria-expanded=\"false\">\n\t\t\t\t\t\t\t\t\t\t\t\t<span class=\"elementor-toggle-icon elementor-toggle-icon-left\" aria-hidden=\"true\">\n\t\t\t\t\t\t\t\t\t\t\t\t\t\t\t<span class=\"elementor-toggle-icon-closed\"><i class=\"fas fa-caret-right\"><\/i><\/span>\n\t\t\t\t\t\t\t\t<span class=\"elementor-toggle-icon-opened\"><i class=\"elementor-toggle-icon-opened fas fa-caret-up\"><\/i><\/span>\n\t\t\t\t\t\t\t\t\t\t\t\t\t<\/span>\n\t\t\t\t\t\t\t\t\t\t\t\t<a class=\"elementor-toggle-title\" tabindex=\"0\">Mais informa\u00e7\u00e3o<\/a>\n\t\t\t\t\t<\/div>\n\n\t\t\t\t\t<div id=\"elementor-tab-content-1831\" class=\"elementor-tab-content elementor-clearfix\" data-tab=\"1\" role=\"region\" aria-labelledby=\"elementor-tab-title-1831\"><p><span style=\"font-weight: 400;\">&#8230;e especialista em Banco de Dados. Engenheiro eletr\u00f4nico pela Universidade de P\u00e1dua. Na sua carreira, produziu v\u00e1rios softwares nas \u00e1reas de gerenciamento de ativos de Tecnologia de Informa\u00e7\u00e3o, Contabilidade, Sistemas de Magazine, Contabilidade Industrial, Sistema Integrado de Gest\u00e3o Empresarial (ERP) e Gest\u00e3o de Relacionamento com o Cliente (CRM) para uma vasta gama de empresas entre as quais bancos, servi\u00e7os p\u00fablicos, telecomunica\u00e7\u00f5es, produ\u00e7\u00f5es eletromec\u00e2nicas, turismo e organiza\u00e7\u00f5es sem fins lucrativos.\u00a0<\/span><\/p>\n<\/div>\n\t\t\t\t<\/div>\n\t\t\t\t\t\t\t\t<\/div>\n\t\t\t\t\t\t<\/div>\n\t\t\t\t<\/div>\n\t\t\t\t\t<\/div>\n\t\t\t\t<\/div>\n\t\t<div class=\"elementor-element elementor-element-5bbec595 e-flex e-con-boxed e-con e-parent\" data-id=\"5bbec595\" data-element_type=\"container\">\n\t\t\t\t\t<div class=\"e-con-inner\">\n\t\t\t\t<div class=\"elementor-element elementor-element-1eafe8b2 elementor-widget elementor-widget-image\" data-id=\"1eafe8b2\" data-element_type=\"widget\" data-widget_type=\"image.default\">\n\t\t\t\t<div class=\"elementor-widget-container\">\n\t\t\t\t\t\t\t\t\t\t\t\t\t\t\t<img decoding=\"async\" width=\"400\" height=\"400\" src=\"https:\/\/www.net-one.org\/wp-content\/uploads\/2022\/11\/Isabel.webp\" class=\"attachment-large size-large wp-image-5837\" alt=\"\" srcset=\"https:\/\/www.net-one.org\/wp-content\/uploads\/2022\/11\/Isabel.webp 400w, https:\/\/www.net-one.org\/wp-content\/uploads\/2022\/11\/Isabel-300x300.webp 300w, https:\/\/www.net-one.org\/wp-content\/uploads\/2022\/11\/Isabel-150x150.webp 150w\" sizes=\"(max-width: 400px) 100vw, 400px\" \/>\t\t\t\t\t\t\t\t\t\t\t\t\t\t\t<\/div>\n\t\t\t\t<\/div>\n\t\t\t\t<div class=\"elementor-element elementor-element-3c01029d elementor-widget elementor-widget-heading\" data-id=\"3c01029d\" data-element_type=\"widget\" data-widget_type=\"heading.default\">\n\t\t\t\t<div class=\"elementor-widget-container\">\n\t\t\t\t\t<h2 class=\"elementor-heading-title elementor-size-default\">Isabel Gatti (Argentina)<br>Coordenador internacional<\/h2>\t\t\t\t<\/div>\n\t\t\t\t<\/div>\n\t\t\t\t<div class=\"elementor-element elementor-element-65745088 elementor-widget elementor-widget-text-editor\" data-id=\"65745088\" data-element_type=\"widget\" data-widget_type=\"text-editor.default\">\n\t\t\t\t<div class=\"elementor-widget-container\">\n\t\t\t\t\t\t\t\t\t<p><span style=\"font-weight: 400;\">Doutora em sociologia pela Universidade Cat\u00f3lica da Argentina (UCA), mestre em Comunica\u00e7\u00e3o e Educa\u00e7\u00e3o pela Universidade Aut\u00f4noma de Barcelona (UAB)&#8230;<\/span><\/p>\n\t\t\t\t\t\t\t\t<\/div>\n\t\t\t\t<\/div>\n\t\t\t\t<div class=\"elementor-element elementor-element-13518387 elementor-widget elementor-widget-toggle\" data-id=\"13518387\" data-element_type=\"widget\" data-widget_type=\"toggle.default\">\n\t\t\t\t<div class=\"elementor-widget-container\">\n\t\t\t\t\t\t\t<div class=\"elementor-toggle\">\n\t\t\t\t\t\t\t<div class=\"elementor-toggle-item\">\n\t\t\t\t\t<div id=\"elementor-tab-title-3241\" class=\"elementor-tab-title\" data-tab=\"1\" role=\"button\" aria-controls=\"elementor-tab-content-3241\" aria-expanded=\"false\">\n\t\t\t\t\t\t\t\t\t\t\t\t<span class=\"elementor-toggle-icon elementor-toggle-icon-left\" aria-hidden=\"true\">\n\t\t\t\t\t\t\t\t\t\t\t\t\t\t\t<span class=\"elementor-toggle-icon-closed\"><i class=\"fas fa-caret-right\"><\/i><\/span>\n\t\t\t\t\t\t\t\t<span class=\"elementor-toggle-icon-opened\"><i class=\"elementor-toggle-icon-opened fas fa-caret-up\"><\/i><\/span>\n\t\t\t\t\t\t\t\t\t\t\t\t\t<\/span>\n\t\t\t\t\t\t\t\t\t\t\t\t<a class=\"elementor-toggle-title\" tabindex=\"0\">Mais informa\u00e7\u00e3o<\/a>\n\t\t\t\t\t<\/div>\n\n\t\t\t\t\t<div id=\"elementor-tab-content-3241\" class=\"elementor-tab-content elementor-clearfix\" data-tab=\"1\" role=\"region\" aria-labelledby=\"elementor-tab-title-3241\"><p>&#8230;<span style=\"font-weight: 400;\">e gradua\u00e7\u00e3o em Ci\u00eancia da Comunica\u00e7\u00e3o pela Universidade de Buenos Aires (UAB), Argentina. Foi presidente da SIGNIS Argentina, associa\u00e7\u00e3o cat\u00f3lica de comunica\u00e7\u00e3o. Representa SIGNIS no Conselho Consultivo para a Comunica\u00e7\u00e3o Audiovisual e Inf\u00e2ncia do Estado argentino. Faz parte da R\u00e1dio Desk do SIGNIS Internacional como pesquisadora. Possui diversas publica\u00e7\u00f5es.<\/span><\/p>\n<\/div>\n\t\t\t\t<\/div>\n\t\t\t\t\t\t\t\t<\/div>\n\t\t\t\t\t\t<\/div>\n\t\t\t\t<\/div>\n\t\t\t\t\t<\/div>\n\t\t\t\t<\/div>\n\t\t<div class=\"elementor-element elementor-element-2babb7f e-flex e-con-boxed e-con e-parent\" data-id=\"2babb7f\" data-element_type=\"container\">\n\t\t\t\t\t<div class=\"e-con-inner\">\n\t\t\t\t<div class=\"elementor-element elementor-element-2324dacd elementor-widget elementor-widget-image\" data-id=\"2324dacd\" data-element_type=\"widget\" data-widget_type=\"image.default\">\n\t\t\t\t<div class=\"elementor-widget-container\">\n\t\t\t\t\t\t\t\t\t\t\t\t\t\t\t<img loading=\"lazy\" decoding=\"async\" width=\"400\" height=\"399\" src=\"https:\/\/www.net-one.org\/wp-content\/uploads\/2022\/10\/COMMISSIONE-Maddie.webp\" class=\"attachment-large size-large wp-image-5757\" alt=\"\" srcset=\"https:\/\/www.net-one.org\/wp-content\/uploads\/2022\/10\/COMMISSIONE-Maddie.webp 400w, https:\/\/www.net-one.org\/wp-content\/uploads\/2022\/10\/COMMISSIONE-Maddie-300x300.webp 300w, https:\/\/www.net-one.org\/wp-content\/uploads\/2022\/10\/COMMISSIONE-Maddie-150x150.webp 150w\" sizes=\"(max-width: 400px) 100vw, 400px\" \/>\t\t\t\t\t\t\t\t\t\t\t\t\t\t\t<\/div>\n\t\t\t\t<\/div>\n\t\t\t\t<div class=\"elementor-element elementor-element-1849c47e elementor-widget elementor-widget-heading\" data-id=\"1849c47e\" data-element_type=\"widget\" data-widget_type=\"heading.default\">\n\t\t\t\t<div class=\"elementor-widget-container\">\n\t\t\t\t\t<h2 class=\"elementor-heading-title elementor-size-default\">Maddalena Maltese <br>Representante Nova Humanidade<\/h2>\t\t\t\t<\/div>\n\t\t\t\t<\/div>\n\t\t\t\t<div class=\"elementor-element elementor-element-f0ff07b elementor-widget elementor-widget-text-editor\" data-id=\"f0ff07b\" data-element_type=\"widget\" data-widget_type=\"text-editor.default\">\n\t\t\t\t<div class=\"elementor-widget-container\">\n\t\t\t\t\t\t\t\t\t<p><span style=\"font-weight: 400;\">Correspondente em Nova Iorque para Radiocor-II Sole 24 Horas, ag\u00eancia de imprensa de economia e finan\u00e7as; colabora com v\u00e1rios jornais&#8230;<\/span><\/p>\n\t\t\t\t\t\t\t\t<\/div>\n\t\t\t\t<\/div>\n\t\t\t\t<div class=\"elementor-element elementor-element-22b0b7fe elementor-widget elementor-widget-toggle\" data-id=\"22b0b7fe\" data-element_type=\"widget\" data-widget_type=\"toggle.default\">\n\t\t\t\t<div class=\"elementor-widget-container\">\n\t\t\t\t\t\t\t<div class=\"elementor-toggle\">\n\t\t\t\t\t\t\t<div class=\"elementor-toggle-item\">\n\t\t\t\t\t<div id=\"elementor-tab-title-5821\" class=\"elementor-tab-title\" data-tab=\"1\" role=\"button\" aria-controls=\"elementor-tab-content-5821\" aria-expanded=\"false\">\n\t\t\t\t\t\t\t\t\t\t\t\t<span class=\"elementor-toggle-icon elementor-toggle-icon-left\" aria-hidden=\"true\">\n\t\t\t\t\t\t\t\t\t\t\t\t\t\t\t<span class=\"elementor-toggle-icon-closed\"><i class=\"fas fa-caret-right\"><\/i><\/span>\n\t\t\t\t\t\t\t\t<span class=\"elementor-toggle-icon-opened\"><i class=\"elementor-toggle-icon-opened fas fa-caret-up\"><\/i><\/span>\n\t\t\t\t\t\t\t\t\t\t\t\t\t<\/span>\n\t\t\t\t\t\t\t\t\t\t\t\t<a class=\"elementor-toggle-title\" tabindex=\"0\">Mais informa\u00e7\u00e3o<\/a>\n\t\t\t\t\t<\/div>\n\n\t\t\t\t\t<div id=\"elementor-tab-content-5821\" class=\"elementor-tab-content elementor-clearfix\" data-tab=\"1\" role=\"region\" aria-labelledby=\"elementor-tab-title-5821\"><p>&#8230;<span style=\"font-weight: 400;\">na It\u00e1lia e nos EUA. Membro da Associa\u00e7\u00e3o de Correspondentes Estrangeiros de Imprensa, foi selecionada pela Universidade de Nova Iorque-Gallatin School entre 50 escritores imigrantes emergentes de 2018 a 2019. Pela Funda\u00e7\u00e3o Mario Diana \u00e9 consultora sobre Ecologia Integral e Economia Circular e para Focolare Media US se ocupa de estrat\u00e9gia e vis\u00e3o. Apaixonada pelo di\u00e1logo intercultural e inter-religioso, \u00e9 embaixadora de Religi\u00f5es pela Paz Internacional e representa a ONG New Humanity no Conselho Consultivo Multirreligioso da ONU.<\/span><\/p>\n<\/div>\n\t\t\t\t<\/div>\n\t\t\t\t\t\t\t\t<\/div>\n\t\t\t\t\t\t<\/div>\n\t\t\t\t<\/div>\n\t\t\t\t\t<\/div>\n\t\t\t\t<\/div>\n\t\t\t\t\t<\/div>\n\t\t\t\t<\/div>\n\t\t<div class=\"elementor-element elementor-element-933395c e-flex e-con-boxed e-con e-parent\" data-id=\"933395c\" data-element_type=\"container\" data-settings=\"{&quot;background_background&quot;:&quot;classic&quot;}\">\n\t\t\t\t\t<div class=\"e-con-inner\">\n\t\t<div class=\"elementor-element elementor-element-32ab43ec e-flex e-con-boxed e-con e-parent\" data-id=\"32ab43ec\" data-element_type=\"container\">\n\t\t\t\t\t<div class=\"e-con-inner\">\n\t\t\t\t<div class=\"elementor-element elementor-element-7ee15e88 elementor-widget elementor-widget-image\" data-id=\"7ee15e88\" data-element_type=\"widget\" data-widget_type=\"image.default\">\n\t\t\t\t<div class=\"elementor-widget-container\">\n\t\t\t\t\t\t\t\t\t\t\t\t\t\t\t<img loading=\"lazy\" decoding=\"async\" width=\"400\" height=\"400\" src=\"https:\/\/www.net-one.org\/wp-content\/uploads\/2022\/10\/COMMISSIONE-Elena-Coppola.webp\" class=\"attachment-large size-large wp-image-5745\" alt=\"\" srcset=\"https:\/\/www.net-one.org\/wp-content\/uploads\/2022\/10\/COMMISSIONE-Elena-Coppola.webp 400w, https:\/\/www.net-one.org\/wp-content\/uploads\/2022\/10\/COMMISSIONE-Elena-Coppola-300x300.webp 300w, https:\/\/www.net-one.org\/wp-content\/uploads\/2022\/10\/COMMISSIONE-Elena-Coppola-150x150.webp 150w\" sizes=\"(max-width: 400px) 100vw, 400px\" \/>\t\t\t\t\t\t\t\t\t\t\t\t\t\t\t<\/div>\n\t\t\t\t<\/div>\n\t\t\t\t<div class=\"elementor-element elementor-element-376fa1eb elementor-widget elementor-widget-heading\" data-id=\"376fa1eb\" data-element_type=\"widget\" data-widget_type=\"heading.default\">\n\t\t\t\t<div class=\"elementor-widget-container\">\n\t\t\t\t\t<h2 class=\"elementor-heading-title elementor-size-default\">Elena Coppola<br>Referente na Europa<\/h2>\t\t\t\t<\/div>\n\t\t\t\t<\/div>\n\t\t\t\t<div class=\"elementor-element elementor-element-6e0111a8 elementor-widget elementor-widget-text-editor\" data-id=\"6e0111a8\" data-element_type=\"widget\" data-widget_type=\"text-editor.default\">\n\t\t\t\t<div class=\"elementor-widget-container\">\n\t\t\t\t\t\t\t\t\t<p><span style=\"font-weight: 400;\">Gradua\u00e7\u00e3o em Letras Modernas pela Universidade Sapienza, de Roma.<\/span><\/p>\n<p><span style=\"font-weight: 400;\">Redatora do Boletim da Sala de Imprensa da Santa S\u00e9, de 1994 a 1997. Assessoria de Imprensa&#8230;\u00a0<\/span><\/p>\n\t\t\t\t\t\t\t\t<\/div>\n\t\t\t\t<\/div>\n\t\t\t\t<div class=\"elementor-element elementor-element-2abf833f elementor-widget elementor-widget-toggle\" data-id=\"2abf833f\" data-element_type=\"widget\" data-widget_type=\"toggle.default\">\n\t\t\t\t<div class=\"elementor-widget-container\">\n\t\t\t\t\t\t\t<div class=\"elementor-toggle\">\n\t\t\t\t\t\t\t<div class=\"elementor-toggle-item\">\n\t\t\t\t\t<div id=\"elementor-tab-title-7171\" class=\"elementor-tab-title\" data-tab=\"1\" role=\"button\" aria-controls=\"elementor-tab-content-7171\" aria-expanded=\"false\">\n\t\t\t\t\t\t\t\t\t\t\t\t<span class=\"elementor-toggle-icon elementor-toggle-icon-left\" aria-hidden=\"true\">\n\t\t\t\t\t\t\t\t\t\t\t\t\t\t\t<span class=\"elementor-toggle-icon-closed\"><i class=\"fas fa-caret-right\"><\/i><\/span>\n\t\t\t\t\t\t\t\t<span class=\"elementor-toggle-icon-opened\"><i class=\"elementor-toggle-icon-opened fas fa-caret-up\"><\/i><\/span>\n\t\t\t\t\t\t\t\t\t\t\t\t\t<\/span>\n\t\t\t\t\t\t\t\t\t\t\t\t<a class=\"elementor-toggle-title\" tabindex=\"0\">Mais informa\u00e7\u00e3o<\/a>\n\t\t\t\t\t<\/div>\n\n\t\t\t\t\t<div id=\"elementor-tab-content-7171\" class=\"elementor-tab-content elementor-clearfix\" data-tab=\"1\" role=\"region\" aria-labelledby=\"elementor-tab-title-7171\"><p>&#8230;<span style=\"font-weight: 400;\">do Movimento dos Focolares, de 1997 a 2017. Secret\u00e1ria de reda\u00e7\u00e3o da SAT2000, TV da Confer\u00eancia Episcopal da It\u00e1lia, de 1998 a 2000. Respons\u00e1vel pelo site <\/span><a href=\"http:\/\/www.romaamor.it\"><span style=\"font-weight: 400;\">www.romaamor.it<\/span><\/a><span style=\"font-weight: 400;\">, de 2000 a 2010. Coordena\u00e7\u00e3o de produ\u00e7\u00e3o e emiss\u00e3o Telelazio-Reteblu, de 2000 a 2004. Dire\u00e7\u00e3o geral da equipe Reteblu Spa. Sele\u00e7\u00e3o e Forma\u00e7\u00e3o HR TV2000 e Radio Inblu, de 2004 at\u00e9 hoje. Membro da Comiss\u00e3o Internacional de NetOne desde 2015.<\/span><\/p>\n<\/div>\n\t\t\t\t<\/div>\n\t\t\t\t\t\t\t\t<\/div>\n\t\t\t\t\t\t<\/div>\n\t\t\t\t<\/div>\n\t\t\t\t\t<\/div>\n\t\t\t\t<\/div>\n\t\t<div class=\"elementor-element elementor-element-558c5e60 e-flex e-con-boxed e-con e-parent\" data-id=\"558c5e60\" data-element_type=\"container\">\n\t\t\t\t\t<div class=\"e-con-inner\">\n\t\t\t\t<div class=\"elementor-element elementor-element-3003370e elementor-widget elementor-widget-image\" data-id=\"3003370e\" data-element_type=\"widget\" data-widget_type=\"image.default\">\n\t\t\t\t<div class=\"elementor-widget-container\">\n\t\t\t\t\t\t\t\t\t\t\t\t\t\t\t<img loading=\"lazy\" decoding=\"async\" width=\"400\" height=\"400\" src=\"https:\/\/www.net-one.org\/wp-content\/uploads\/2022\/10\/COMMISSIONE-Jose-Aranas.webp\" class=\"attachment-large size-large wp-image-5765\" alt=\"\" srcset=\"https:\/\/www.net-one.org\/wp-content\/uploads\/2022\/10\/COMMISSIONE-Jose-Aranas.webp 400w, https:\/\/www.net-one.org\/wp-content\/uploads\/2022\/10\/COMMISSIONE-Jose-Aranas-300x300.webp 300w, https:\/\/www.net-one.org\/wp-content\/uploads\/2022\/10\/COMMISSIONE-Jose-Aranas-150x150.webp 150w\" sizes=\"(max-width: 400px) 100vw, 400px\" \/>\t\t\t\t\t\t\t\t\t\t\t\t\t\t\t<\/div>\n\t\t\t\t<\/div>\n\t\t\t\t<div class=\"elementor-element elementor-element-64bb509a elementor-widget elementor-widget-heading\" data-id=\"64bb509a\" data-element_type=\"widget\" data-widget_type=\"heading.default\">\n\t\t\t\t<div class=\"elementor-widget-container\">\n\t\t\t\t\t<h2 class=\"elementor-heading-title elementor-size-default\">Jose Aranas<br>Referente na Europa Asia e Oceania<\/h2>\t\t\t\t<\/div>\n\t\t\t\t<\/div>\n\t\t\t\t<div class=\"elementor-element elementor-element-767c3eed elementor-widget elementor-widget-text-editor\" data-id=\"767c3eed\" data-element_type=\"widget\" data-widget_type=\"text-editor.default\">\n\t\t\t\t<div class=\"elementor-widget-container\">\n\t\t\t\t\t\t\t\t\t<p><span style=\"font-weight: 400;\">\u00c9 o atual editor-chefe de <\/span><i><span style=\"font-weight: 400;\">New City<\/span><\/i><span style=\"font-weight: 400;\"> (revista das Filipinas). Trabalhou como jornalista nos \u00faltimos 22 anos e escreveu uma centena&#8230; <\/span><\/p>\n\t\t\t\t\t\t\t\t<\/div>\n\t\t\t\t<\/div>\n\t\t\t\t<div class=\"elementor-element elementor-element-67ca817b elementor-widget elementor-widget-toggle\" data-id=\"67ca817b\" data-element_type=\"widget\" data-widget_type=\"toggle.default\">\n\t\t\t\t<div class=\"elementor-widget-container\">\n\t\t\t\t\t\t\t<div class=\"elementor-toggle\">\n\t\t\t\t\t\t\t<div class=\"elementor-toggle-item\">\n\t\t\t\t\t<div id=\"elementor-tab-title-1741\" class=\"elementor-tab-title\" data-tab=\"1\" role=\"button\" aria-controls=\"elementor-tab-content-1741\" aria-expanded=\"false\">\n\t\t\t\t\t\t\t\t\t\t\t\t<span class=\"elementor-toggle-icon elementor-toggle-icon-left\" aria-hidden=\"true\">\n\t\t\t\t\t\t\t\t\t\t\t\t\t\t\t<span class=\"elementor-toggle-icon-closed\"><i class=\"fas fa-caret-right\"><\/i><\/span>\n\t\t\t\t\t\t\t\t<span class=\"elementor-toggle-icon-opened\"><i class=\"elementor-toggle-icon-opened fas fa-caret-up\"><\/i><\/span>\n\t\t\t\t\t\t\t\t\t\t\t\t\t<\/span>\n\t\t\t\t\t\t\t\t\t\t\t\t<a class=\"elementor-toggle-title\" tabindex=\"0\">Mais informa\u00e7\u00e3o<\/a>\n\t\t\t\t\t<\/div>\n\n\t\t\t\t\t<div id=\"elementor-tab-content-1741\" class=\"elementor-tab-content elementor-clearfix\" data-tab=\"1\" role=\"region\" aria-labelledby=\"elementor-tab-title-1741\"><p><span style=\"font-weight: 400;\">&#8230;de artigos para a revista <\/span><i><span style=\"font-weight: 400;\">New City<\/span><\/i><span style=\"font-weight: 400;\"> e para outros ve\u00edculos de imprensa filipinos. Ganhou v\u00e1rios pr\u00eamios internacionais como o da UCIP (Uni\u00e3o Cat\u00f3lica Internacional de Imprensa) de Genebra, Burkina Faso, em 2010, e do ICOM (em portugu\u00eas, Organiza\u00e7\u00e3o Crist\u00e3 Internacional da M\u00eddia) do Panam\u00e1, em 2013, por seus artigos sobre o di\u00e1logo inter-religioso e outros temas da atualidade. O seu livro de contos originais infantis\u00a0&#8220;Por que h\u00e1 um Elefante na manjedoura de Natal?&#8221; ganhou o prestigioso Pr\u00eamio Cardeal Sin para o Livro Cat\u00f3lico dos Comunicadores Cat\u00f3licos Asi\u00e1ticos, Inc. na categoria para crian\u00e7as em 2019.<\/span><\/p>\n<p><span style=\"font-weight: 400;\">\u00a0<\/span><\/p>\n<\/div>\n\t\t\t\t<\/div>\n\t\t\t\t\t\t\t\t<\/div>\n\t\t\t\t\t\t<\/div>\n\t\t\t\t<\/div>\n\t\t\t\t\t<\/div>\n\t\t\t\t<\/div>\n\t\t<div class=\"elementor-element elementor-element-1950ff07 e-flex e-con-boxed e-con e-parent\" data-id=\"1950ff07\" data-element_type=\"container\">\n\t\t\t\t\t<div class=\"e-con-inner\">\n\t\t\t\t<div class=\"elementor-element elementor-element-ef0494 elementor-widget elementor-widget-image\" data-id=\"ef0494\" data-element_type=\"widget\" data-widget_type=\"image.default\">\n\t\t\t\t<div class=\"elementor-widget-container\">\n\t\t\t\t\t\t\t\t\t\t\t\t\t\t\t<img loading=\"lazy\" decoding=\"async\" width=\"400\" height=\"400\" src=\"https:\/\/www.net-one.org\/wp-content\/uploads\/2022\/10\/COMMISSIONE-Liliane-Mugombozi.webp\" class=\"attachment-large size-large wp-image-5753\" alt=\"\" srcset=\"https:\/\/www.net-one.org\/wp-content\/uploads\/2022\/10\/COMMISSIONE-Liliane-Mugombozi.webp 400w, https:\/\/www.net-one.org\/wp-content\/uploads\/2022\/10\/COMMISSIONE-Liliane-Mugombozi-300x300.webp 300w, https:\/\/www.net-one.org\/wp-content\/uploads\/2022\/10\/COMMISSIONE-Liliane-Mugombozi-150x150.webp 150w\" sizes=\"(max-width: 400px) 100vw, 400px\" \/>\t\t\t\t\t\t\t\t\t\t\t\t\t\t\t<\/div>\n\t\t\t\t<\/div>\n\t\t\t\t<div class=\"elementor-element elementor-element-44f395cd elementor-widget elementor-widget-heading\" data-id=\"44f395cd\" data-element_type=\"widget\" data-widget_type=\"heading.default\">\n\t\t\t\t<div class=\"elementor-widget-container\">\n\t\t\t\t\t<h2 class=\"elementor-heading-title elementor-size-default\">Liliane Mugombozi<br>Referente na Africa<\/h2>\t\t\t\t<\/div>\n\t\t\t\t<\/div>\n\t\t\t\t<div class=\"elementor-element elementor-element-16b758f8 elementor-widget elementor-widget-text-editor\" data-id=\"16b758f8\" data-element_type=\"widget\" data-widget_type=\"text-editor.default\">\n\t\t\t\t<div class=\"elementor-widget-container\">\n\t\t\t\t\t\t\t\t\t<p><span style=\"font-weight: 400;\">Jornalista profissional, com bacharelado em Ci\u00eancia da Comunica\u00e7\u00e3o e Mestrado em Justi\u00e7a Social&#8230; <\/span><\/p>\n\t\t\t\t\t\t\t\t<\/div>\n\t\t\t\t<\/div>\n\t\t\t\t<div class=\"elementor-element elementor-element-33291eff elementor-widget elementor-widget-toggle\" data-id=\"33291eff\" data-element_type=\"widget\" data-widget_type=\"toggle.default\">\n\t\t\t\t<div class=\"elementor-widget-container\">\n\t\t\t\t\t\t\t<div class=\"elementor-toggle\">\n\t\t\t\t\t\t\t<div class=\"elementor-toggle-item\">\n\t\t\t\t\t<div id=\"elementor-tab-title-8581\" class=\"elementor-tab-title\" data-tab=\"1\" role=\"button\" aria-controls=\"elementor-tab-content-8581\" aria-expanded=\"false\">\n\t\t\t\t\t\t\t\t\t\t\t\t<span class=\"elementor-toggle-icon elementor-toggle-icon-left\" aria-hidden=\"true\">\n\t\t\t\t\t\t\t\t\t\t\t\t\t\t\t<span class=\"elementor-toggle-icon-closed\"><i class=\"fas fa-caret-right\"><\/i><\/span>\n\t\t\t\t\t\t\t\t<span class=\"elementor-toggle-icon-opened\"><i class=\"elementor-toggle-icon-opened fas fa-caret-up\"><\/i><\/span>\n\t\t\t\t\t\t\t\t\t\t\t\t\t<\/span>\n\t\t\t\t\t\t\t\t\t\t\t\t<a class=\"elementor-toggle-title\" tabindex=\"0\">Mais informa\u00e7\u00e3o<\/a>\n\t\t\t\t\t<\/div>\n\n\t\t\t\t\t<div id=\"elementor-tab-content-8581\" class=\"elementor-tab-content elementor-clearfix\" data-tab=\"1\" role=\"region\" aria-labelledby=\"elementor-tab-title-8581\"><p><span style=\"font-weight: 400;\">&#8230;e Desenvolvimento Global. Colabora com diversas revistas e ONG na \u00c1frica. J\u00e1 atuou como diretora da revista <\/span><i><span style=\"font-weight: 400;\">New City Africa\/ Nouvelle Cit\u00e9 Afrique <\/span><\/i><span style=\"font-weight: 400;\">e docente de comunica\u00e7\u00e3o da Universidade Cat\u00f3lica do Leste da \u00c1frica em Nairobi (Qu\u00eania).<\/span><\/p>\n<p>&nbsp;<\/p>\n<\/div>\n\t\t\t\t<\/div>\n\t\t\t\t\t\t\t\t<\/div>\n\t\t\t\t\t\t<\/div>\n\t\t\t\t<\/div>\n\t\t\t\t\t<\/div>\n\t\t\t\t<\/div>\n\t\t<div class=\"elementor-element elementor-element-6bc41019 e-flex e-con-boxed e-con e-parent\" data-id=\"6bc41019\" data-element_type=\"container\">\n\t\t\t\t\t<div class=\"e-con-inner\">\n\t\t\t\t<div class=\"elementor-element elementor-element-58b737ab elementor-widget elementor-widget-image\" data-id=\"58b737ab\" data-element_type=\"widget\" data-widget_type=\"image.default\">\n\t\t\t\t<div class=\"elementor-widget-container\">\n\t\t\t\t\t\t\t\t\t\t\t\t\t\t\t<img loading=\"lazy\" decoding=\"async\" width=\"400\" height=\"398\" src=\"https:\/\/www.net-one.org\/wp-content\/uploads\/2022\/10\/COMMISSIONE-Luiz.webp\" class=\"attachment-large size-large wp-image-5749\" alt=\"\" srcset=\"https:\/\/www.net-one.org\/wp-content\/uploads\/2022\/10\/COMMISSIONE-Luiz.webp 400w, https:\/\/www.net-one.org\/wp-content\/uploads\/2022\/10\/COMMISSIONE-Luiz-300x300.webp 300w, https:\/\/www.net-one.org\/wp-content\/uploads\/2022\/10\/COMMISSIONE-Luiz-150x150.webp 150w\" sizes=\"(max-width: 400px) 100vw, 400px\" \/>\t\t\t\t\t\t\t\t\t\t\t\t\t\t\t<\/div>\n\t\t\t\t<\/div>\n\t\t\t\t<div class=\"elementor-element elementor-element-602d88e elementor-widget elementor-widget-heading\" data-id=\"602d88e\" data-element_type=\"widget\" data-widget_type=\"heading.default\">\n\t\t\t\t<div class=\"elementor-widget-container\">\n\t\t\t\t\t<h2 class=\"elementor-heading-title elementor-size-default\">Lu\u00eds Henrique Marques<br>Referente na America Latina<\/h2>\t\t\t\t<\/div>\n\t\t\t\t<\/div>\n\t\t\t\t<div class=\"elementor-element elementor-element-2fb8cbc6 elementor-widget elementor-widget-text-editor\" data-id=\"2fb8cbc6\" data-element_type=\"widget\" data-widget_type=\"text-editor.default\">\n\t\t\t\t<div class=\"elementor-widget-container\">\n\t\t\t\t\t\t\t\t\t<p><span style=\"font-weight: 400;\">Jornalista e historiador. Atualmente, \u00e9 editor-chefe das revistas <\/span><i><span style=\"font-weight: 400;\">Cidade Nova <\/span><\/i><span style=\"font-weight: 400;\">e <\/span><i><span style=\"font-weight: 400;\">Ekkles\u00eda Brasil..<\/span><\/i><span style=\"font-weight: 400;\">.\u00a0<\/span><\/p>\n\t\t\t\t\t\t\t\t<\/div>\n\t\t\t\t<\/div>\n\t\t\t\t<div class=\"elementor-element elementor-element-42f4d41c elementor-widget elementor-widget-toggle\" data-id=\"42f4d41c\" data-element_type=\"widget\" data-widget_type=\"toggle.default\">\n\t\t\t\t<div class=\"elementor-widget-container\">\n\t\t\t\t\t\t\t<div class=\"elementor-toggle\">\n\t\t\t\t\t\t\t<div class=\"elementor-toggle-item\">\n\t\t\t\t\t<div id=\"elementor-tab-title-1121\" class=\"elementor-tab-title\" data-tab=\"1\" role=\"button\" aria-controls=\"elementor-tab-content-1121\" aria-expanded=\"false\">\n\t\t\t\t\t\t\t\t\t\t\t\t<span class=\"elementor-toggle-icon elementor-toggle-icon-left\" aria-hidden=\"true\">\n\t\t\t\t\t\t\t\t\t\t\t\t\t\t\t<span class=\"elementor-toggle-icon-closed\"><i class=\"fas fa-caret-right\"><\/i><\/span>\n\t\t\t\t\t\t\t\t<span class=\"elementor-toggle-icon-opened\"><i class=\"elementor-toggle-icon-opened fas fa-caret-up\"><\/i><\/span>\n\t\t\t\t\t\t\t\t\t\t\t\t\t<\/span>\n\t\t\t\t\t\t\t\t\t\t\t\t<a class=\"elementor-toggle-title\" tabindex=\"0\">Mais informa\u00e7\u00e3o<\/a>\n\t\t\t\t\t<\/div>\n\n\t\t\t\t\t<div id=\"elementor-tab-content-1121\" class=\"elementor-tab-content elementor-clearfix\" data-tab=\"1\" role=\"region\" aria-labelledby=\"elementor-tab-title-1121\"><p><span style=\"font-weight: 400;\">\u00c9 tamb\u00e9m editor-chefe da Ag\u00eancia de Not\u00edcias SIGNIS, e secret\u00e1rio da Associa\u00e7\u00e3o de Comunica\u00e7\u00e3o SIGNIS. Possui doutorado em Hist\u00f3ria e p\u00f3s-doutorado em Comunica\u00e7\u00e3o. Trabalhou como professor do ensino superior por 26 anos, para cursos de jornalismo. \u00c9 casado com a F\u00e1tima e membro da Comiss\u00e3o Internacional de NetOne.\u00a0<\/span><\/p>\n<\/div>\n\t\t\t\t<\/div>\n\t\t\t\t\t\t\t\t<\/div>\n\t\t\t\t\t\t<\/div>\n\t\t\t\t<\/div>\n\t\t\t\t\t<\/div>\n\t\t\t\t<\/div>\n\t\t\t\t\t<\/div>\n\t\t\t\t<\/div>\n\t\t\t\t<\/div>\n\t\t","protected":false},"excerpt":{"rendered":"<p>Comiss\u00e3o internacional Franco Ropelato (Italia)Presidente da Associa\u00e7\u00e3o para NetOne Consultor de inform\u00e1tica e Sistemas de Informa\u00e7\u00e3o com ampla experi\u00eancia profissional como programador analista, analista de intelig\u00eancia empresarial&#8230;\u00a0 Mais informa\u00e7\u00e3o &#8230;e especialista em Banco de Dados. Engenheiro eletr\u00f4nico pela Universidade de P\u00e1dua. Na sua carreira, produziu v\u00e1rios softwares nas \u00e1reas de gerenciamento de ativos de Tecnologia [&hellip;]<\/p>\n","protected":false},"author":1,"featured_media":0,"parent":0,"menu_order":0,"comment_status":"closed","ping_status":"closed","template":"elementor_header_footer","meta":{"footnotes":""},"class_list":["post-6316","page","type-page","status-publish","hentry","entry"],"aioseo_notices":[],"_links":{"self":[{"href":"https:\/\/www.net-one.org\/pt-pt\/wp-json\/wp\/v2\/pages\/6316","targetHints":{"allow":["GET"]}}],"collection":[{"href":"https:\/\/www.net-one.org\/pt-pt\/wp-json\/wp\/v2\/pages"}],"about":[{"href":"https:\/\/www.net-one.org\/pt-pt\/wp-json\/wp\/v2\/types\/page"}],"author":[{"embeddable":true,"href":"https:\/\/www.net-one.org\/pt-pt\/wp-json\/wp\/v2\/users\/1"}],"replies":[{"embeddable":true,"href":"https:\/\/www.net-one.org\/pt-pt\/wp-json\/wp\/v2\/comments?post=6316"}],"version-history":[{"count":1,"href":"https:\/\/www.net-one.org\/pt-pt\/wp-json\/wp\/v2\/pages\/6316\/revisions"}],"predecessor-version":[{"id":6317,"href":"https:\/\/www.net-one.org\/pt-pt\/wp-json\/wp\/v2\/pages\/6316\/revisions\/6317"}],"wp:attachment":[{"href":"https:\/\/www.net-one.org\/pt-pt\/wp-json\/wp\/v2\/media?parent=6316"}],"curies":[{"name":"wp","href":"https:\/\/api.w.org\/{rel}","templated":true}]}}